{"id":1767,"date":"2024-02-22T08:21:39","date_gmt":"2024-02-22T07:21:39","guid":{"rendered":"https:\/\/dev.entwicklung-schweiz.berta-bewegt.ch\/?post_type=event&#038;p=1767"},"modified":"2024-05-27T09:12:06","modified_gmt":"2024-05-27T07:12:06","slug":"fr-sessionsanlass-marz-2022","status":"publish","type":"event","link":"https:\/\/entwicklung-schweiz.ch\/fr\/event\/fr-sessionsanlass-marz-2022\/","title":{"rendered":"Rencontre de la session de mars 2022"},"content":{"rendered":"\n<p>Le 15 mars 2022 a eu lieu la rencontre de la session de l&rsquo;association fa\u00eeti\u00e8re Construction Suisse et de ses deux membres, D\u00e9veloppement Suisse et SIA. La th\u00e9matique de la consultation LPE sur la protection contre le bruit et le d\u00e9veloppement de l\u2019urbanisation \u00e9tait au centre des discussions. La rencontre s&rsquo;est focalis\u00e9e sur les tensions entre la protection contre le bruit et le d\u00e9veloppement urbain. Le secteur de la construction a remis fin 2021 une prise de position consolid\u00e9e sur la consultation \u00ab\u00a0Modification de la loi sur la protection de l&rsquo;environnement (LPE) concernant les sites contamin\u00e9s, la protection contre le bruit et le droit p\u00e9nal de l&rsquo;environnement\u00a0\u00bb.<\/p>\n\n\n\n<p>La r\u00e9vision a pour objectif de mieux coordonner la protection contre le bruit et le d\u00e9veloppement de l&rsquo;urbanisation vers l&rsquo;int\u00e9rieur. Le conseiller national Beat Flach a lanc\u00e9 le d\u00e9bat politique sur ces sujets avec sa motion adopt\u00e9e par les deux Chambres en 2018. Le d\u00e9veloppement de l&rsquo;urbanisation vers l&rsquo;int\u00e9rieur ne doit pas \u00eatre entrav\u00e9 par des m\u00e9thodes de mesure du bruit inflexibles. Dans son expos\u00e9, il a jet\u00e9 un regard sur les discussions politiques actuelles et \u00e0 venir \u00e0 ce sujet.<\/p>\n\n\n\n            <section class=\"slider-block slider-color-red\">\n            <div class=\"gallery-slider\">\n                                                            <div class=\"slider-image-wrapper\">\n                            <div class=\"slider-image scrollMagic-block delay-animation-0\" style=\"background-image: url('https:\/\/entwicklung-schweiz.ch\/wp-content\/uploads\/2024\/02\/sae_8073-663.jpg')\" data-uid=\"69f47ef0d0c74\">\n                                <img decoding=\"async\" src=\"https:\/\/entwicklung-schweiz.ch\/wp-content\/themes\/entwicklung_schweiz\/assets\/images\/gallery_slider_frame.png\" alt=\"Frame\" width=\"1px\" height=\"1px\" \/>\n                            <\/div>\n\n                                                            <p class=\"mb-0 very-small\">Fotos: (C) Entwicklung Schweiz 2022<\/p>\n                                                    <\/div>\n                                                                                    <div class=\"slider-image-wrapper\">\n                            <div class=\"slider-image scrollMagic-block delay-animation-1\" style=\"background-image: url('https:\/\/entwicklung-schweiz.ch\/wp-content\/uploads\/2024\/02\/sae_8101-663.jpg')\" data-uid=\"69f47ef0d0c89\">\n                                <img decoding=\"async\" src=\"https:\/\/entwicklung-schweiz.ch\/wp-content\/themes\/entwicklung_schweiz\/assets\/images\/gallery_slider_frame.png\" alt=\"Frame\" width=\"1px\" height=\"1px\" \/>\n                            <\/div>\n\n                                                    <\/div>\n                                                                                    <div class=\"slider-image-wrapper\">\n                            <div class=\"slider-image scrollMagic-block delay-animation-0\" style=\"background-image: url('https:\/\/entwicklung-schweiz.ch\/wp-content\/uploads\/2024\/02\/sae_8104-663.jpg')\" data-uid=\"69f47ef0d0c92\">\n                                <img decoding=\"async\" src=\"https:\/\/entwicklung-schweiz.ch\/wp-content\/themes\/entwicklung_schweiz\/assets\/images\/gallery_slider_frame.png\" alt=\"Frame\" width=\"1px\" height=\"1px\" \/>\n                            <\/div>\n\n                                                    <\/div>\n                                                                                    <div class=\"slider-image-wrapper\">\n                            <div class=\"slider-image scrollMagic-block delay-animation-1\" style=\"background-image: url('https:\/\/entwicklung-schweiz.ch\/wp-content\/uploads\/2024\/02\/sae_8203-663.jpg')\" data-uid=\"69f47ef0d0c99\">\n                                <img decoding=\"async\" src=\"https:\/\/entwicklung-schweiz.ch\/wp-content\/themes\/entwicklung_schweiz\/assets\/images\/gallery_slider_frame.png\" alt=\"Frame\" width=\"1px\" height=\"1px\" \/>\n                            <\/div>\n\n                                                    <\/div>\n                                                                                    <div class=\"slider-image-wrapper\">\n                            <div class=\"slider-image scrollMagic-block delay-animation-0\" style=\"background-image: url('https:\/\/entwicklung-schweiz.ch\/wp-content\/uploads\/2024\/02\/sae_8209-663.jpg')\" data-uid=\"69f47ef0d0ca0\">\n                                <img decoding=\"async\" src=\"https:\/\/entwicklung-schweiz.ch\/wp-content\/themes\/entwicklung_schweiz\/assets\/images\/gallery_slider_frame.png\" alt=\"Frame\" width=\"1px\" height=\"1px\" \/>\n                            <\/div>\n\n                                                    <\/div>\n                                                                                    <div class=\"slider-image-wrapper\">\n                            <div class=\"slider-image scrollMagic-block delay-animation-1\" style=\"background-image: url('https:\/\/entwicklung-schweiz.ch\/wp-content\/uploads\/2024\/02\/sae_8249-663.jpg')\" data-uid=\"69f47ef0d0ca7\">\n                                <img decoding=\"async\" src=\"https:\/\/entwicklung-schweiz.ch\/wp-content\/themes\/entwicklung_schweiz\/assets\/images\/gallery_slider_frame.png\" alt=\"Frame\" width=\"1px\" height=\"1px\" \/>\n                            <\/div>\n\n                                                    <\/div>\n                                                                                    <div class=\"slider-image-wrapper\">\n                            <div class=\"slider-image scrollMagic-block delay-animation-0\" style=\"background-image: url('https:\/\/entwicklung-schweiz.ch\/wp-content\/uploads\/2024\/02\/sae_8251-663.jpg')\" data-uid=\"69f47ef0d0cb2\">\n                                <img decoding=\"async\" src=\"https:\/\/entwicklung-schweiz.ch\/wp-content\/themes\/entwicklung_schweiz\/assets\/images\/gallery_slider_frame.png\" alt=\"Frame\" width=\"1px\" height=\"1px\" \/>\n                            <\/div>\n\n                                                    <\/div>\n                                                                                    <div class=\"slider-image-wrapper\">\n                            <div class=\"slider-image scrollMagic-block delay-animation-1\" style=\"background-image: url('https:\/\/entwicklung-schweiz.ch\/wp-content\/uploads\/2024\/02\/sae_8290-663.jpg')\" data-uid=\"69f47ef0d0cba\">\n                                <img decoding=\"async\" src=\"https:\/\/entwicklung-schweiz.ch\/wp-content\/themes\/entwicklung_schweiz\/assets\/images\/gallery_slider_frame.png\" alt=\"Frame\" width=\"1px\" height=\"1px\" \/>\n                            <\/div>\n\n                                                    <\/div>\n                                                                                    <div class=\"slider-image-wrapper\">\n                            <div class=\"slider-image scrollMagic-block delay-animation-0\" style=\"background-image: url('https:\/\/entwicklung-schweiz.ch\/wp-content\/uploads\/2024\/02\/sae_8302-663.jpg')\" data-uid=\"69f47ef0d0cc0\">\n                                <img decoding=\"async\" src=\"https:\/\/entwicklung-schweiz.ch\/wp-content\/themes\/entwicklung_schweiz\/assets\/images\/gallery_slider_frame.png\" alt=\"Frame\" width=\"1px\" height=\"1px\" \/>\n                            <\/div>\n\n                                                    <\/div>\n                                                                                    <div class=\"slider-image-wrapper\">\n                            <div class=\"slider-image scrollMagic-block delay-animation-1\" style=\"background-image: url('https:\/\/entwicklung-schweiz.ch\/wp-content\/uploads\/2024\/02\/sae_8311-663.jpg')\" data-uid=\"69f47ef0d0cc7\">\n                                <img decoding=\"async\" src=\"https:\/\/entwicklung-schweiz.ch\/wp-content\/themes\/entwicklung_schweiz\/assets\/images\/gallery_slider_frame.png\" alt=\"Frame\" width=\"1px\" height=\"1px\" \/>\n                            <\/div>\n\n                                                    <\/div>\n                                                                                    <div class=\"slider-image-wrapper\">\n                            <div class=\"slider-image scrollMagic-block delay-animation-0\" style=\"background-image: url('https:\/\/entwicklung-schweiz.ch\/wp-content\/uploads\/2024\/02\/sae_8431-663.jpg')\" data-uid=\"69f47ef0d0cce\">\n                                <img decoding=\"async\" src=\"https:\/\/entwicklung-schweiz.ch\/wp-content\/themes\/entwicklung_schweiz\/assets\/images\/gallery_slider_frame.png\" alt=\"Frame\" width=\"1px\" height=\"1px\" \/>\n                            <\/div>\n\n                                                    <\/div>\n                                                                                    <div class=\"slider-image-wrapper\">\n                            <div class=\"slider-image scrollMagic-block delay-animation-1\" style=\"background-image: url('https:\/\/entwicklung-schweiz.ch\/wp-content\/uploads\/2024\/02\/sae_8466-663.jpg')\" data-uid=\"69f47ef0d0cd4\">\n                                <img decoding=\"async\" src=\"https:\/\/entwicklung-schweiz.ch\/wp-content\/themes\/entwicklung_schweiz\/assets\/images\/gallery_slider_frame.png\" alt=\"Frame\" width=\"1px\" height=\"1px\" \/>\n                            <\/div>\n\n                                                    <\/div>\n                                                                                    <div class=\"slider-image-wrapper\">\n                            <div class=\"slider-image scrollMagic-block delay-animation-0\" style=\"background-image: url('https:\/\/entwicklung-schweiz.ch\/wp-content\/uploads\/2024\/02\/sae_8502-663.jpg')\" data-uid=\"69f47ef0d0cda\">\n                                <img decoding=\"async\" src=\"https:\/\/entwicklung-schweiz.ch\/wp-content\/themes\/entwicklung_schweiz\/assets\/images\/gallery_slider_frame.png\" alt=\"Frame\" width=\"1px\" height=\"1px\" \/>\n                            <\/div>\n\n                                                    <\/div>\n                                                                                    <div class=\"slider-image-wrapper\">\n                            <div class=\"slider-image scrollMagic-block delay-animation-1\" style=\"background-image: url('https:\/\/entwicklung-schweiz.ch\/wp-content\/uploads\/2024\/02\/sae_8506-663.jpg')\" data-uid=\"69f47ef0d0ce5\">\n                                <img decoding=\"async\" src=\"https:\/\/entwicklung-schweiz.ch\/wp-content\/themes\/entwicklung_schweiz\/assets\/images\/gallery_slider_frame.png\" alt=\"Frame\" width=\"1px\" height=\"1px\" \/>\n                            <\/div>\n\n                                                    <\/div>\n                                                    <\/div>\n        <\/section>\n    \n\n\n\n","protected":false},"featured_media":716,"template":"","categories":[],"acf":[],"yoast_head":"<!-- This site is optimized with the Yoast SEO Premium plugin v22.7 (Yoast SEO v22.7) - https:\/\/yoast.com\/wordpress\/plugins\/seo\/ -->\n<title>Rencontre de la session de mars 2022 - Entwicklung Schweiz<\/title>\n<meta name=\"robots\" content=\"index, follow, max-snippet:-1, max-image-preview:large, max-video-preview:-1\" \/>\n<link rel=\"canonical\" href=\"https:\/\/entwicklung-schweiz.ch\/fr\/event\/fr-sessionsanlass-marz-2022\/\" \/>\n<meta property=\"og:locale\" content=\"fr_FR\" \/>\n<meta property=\"og:type\" content=\"article\" \/>\n<meta property=\"og:title\" content=\"Rencontre de la session de mars 2022\" \/>\n<meta property=\"og:description\" content=\"Le 15 mars 2022 a eu lieu la rencontre de la session de l&rsquo;association fa\u00eeti\u00e8re Construction Suisse et de ses deux membres, D\u00e9veloppement Suisse et SIA. La th\u00e9matique de la consultation LPE sur la protection contre le bruit et le d\u00e9veloppement de l\u2019urbanisation \u00e9tait au centre des discussions. La rencontre s&rsquo;est focalis\u00e9e sur les tensions [&hellip;]\" \/>\n<meta property=\"og:url\" content=\"https:\/\/entwicklung-schweiz.ch\/fr\/event\/fr-sessionsanlass-marz-2022\/\" \/>\n<meta property=\"og:site_name\" content=\"Entwicklung Schweiz\" \/>\n<meta property=\"article:modified_time\" content=\"2024-05-27T07:12:06+00:00\" \/>\n<meta property=\"og:image\" content=\"https:\/\/entwicklung-schweiz.ch\/wp-content\/uploads\/2024\/02\/sae_8203-663.jpg\" \/>\n\t<meta property=\"og:image:width\" content=\"663\" \/>\n\t<meta property=\"og:image:height\" content=\"442\" \/>\n\t<meta property=\"og:image:type\" content=\"image\/jpeg\" \/>\n<meta name=\"twitter:card\" content=\"summary_large_image\" \/>\n<meta name=\"twitter:label1\" content=\"Dur\u00e9e de lecture estim\u00e9e\" \/>\n\t<meta name=\"twitter:data1\" content=\"2 minutes\" \/>\n<script type=\"application\/ld+json\" class=\"yoast-schema-graph\">{\"@context\":\"https:\/\/schema.org\",\"@graph\":[{\"@type\":\"WebPage\",\"@id\":\"https:\/\/entwicklung-schweiz.ch\/fr\/event\/fr-sessionsanlass-marz-2022\/\",\"url\":\"https:\/\/entwicklung-schweiz.ch\/fr\/event\/fr-sessionsanlass-marz-2022\/\",\"name\":\"Rencontre de la session de mars 2022 - Entwicklung Schweiz\",\"isPartOf\":{\"@id\":\"https:\/\/entwicklung-schweiz.ch\/#website\"},\"primaryImageOfPage\":{\"@id\":\"https:\/\/entwicklung-schweiz.ch\/fr\/event\/fr-sessionsanlass-marz-2022\/#primaryimage\"},\"image\":{\"@id\":\"https:\/\/entwicklung-schweiz.ch\/fr\/event\/fr-sessionsanlass-marz-2022\/#primaryimage\"},\"thumbnailUrl\":\"https:\/\/entwicklung-schweiz.ch\/wp-content\/uploads\/2024\/02\/sae_8203-663.jpg\",\"datePublished\":\"2024-02-22T07:21:39+00:00\",\"dateModified\":\"2024-05-27T07:12:06+00:00\",\"breadcrumb\":{\"@id\":\"https:\/\/entwicklung-schweiz.ch\/fr\/event\/fr-sessionsanlass-marz-2022\/#breadcrumb\"},\"inLanguage\":\"fr-FR\",\"potentialAction\":[{\"@type\":\"ReadAction\",\"target\":[\"https:\/\/entwicklung-schweiz.ch\/fr\/event\/fr-sessionsanlass-marz-2022\/\"]}]},{\"@type\":\"ImageObject\",\"inLanguage\":\"fr-FR\",\"@id\":\"https:\/\/entwicklung-schweiz.ch\/fr\/event\/fr-sessionsanlass-marz-2022\/#primaryimage\",\"url\":\"https:\/\/entwicklung-schweiz.ch\/wp-content\/uploads\/2024\/02\/sae_8203-663.jpg\",\"contentUrl\":\"https:\/\/entwicklung-schweiz.ch\/wp-content\/uploads\/2024\/02\/sae_8203-663.jpg\",\"width\":663,\"height\":442},{\"@type\":\"BreadcrumbList\",\"@id\":\"https:\/\/entwicklung-schweiz.ch\/fr\/event\/fr-sessionsanlass-marz-2022\/#breadcrumb\",\"itemListElement\":[{\"@type\":\"ListItem\",\"position\":1,\"name\":\"Home\",\"item\":\"https:\/\/entwicklung-schweiz.ch\/fr\/\"},{\"@type\":\"ListItem\",\"position\":2,\"name\":\"Events\",\"item\":\"https:\/\/entwicklung-schweiz.ch\/event\/\"},{\"@type\":\"ListItem\",\"position\":3,\"name\":\"Rencontre de la session de mars 2022\"}]},{\"@type\":\"WebSite\",\"@id\":\"https:\/\/entwicklung-schweiz.ch\/#website\",\"url\":\"https:\/\/entwicklung-schweiz.ch\/\",\"name\":\"Entwicklung Schweiz\",\"description\":\"\",\"publisher\":{\"@id\":\"https:\/\/entwicklung-schweiz.ch\/#organization\"},\"potentialAction\":[{\"@type\":\"SearchAction\",\"target\":{\"@type\":\"EntryPoint\",\"urlTemplate\":\"https:\/\/entwicklung-schweiz.ch\/?s={search_term_string}\"},\"query-input\":\"required name=search_term_string\"}],\"inLanguage\":\"fr-FR\"},{\"@type\":\"Organization\",\"@id\":\"https:\/\/entwicklung-schweiz.ch\/#organization\",\"name\":\"Entwicklung Schweiz\",\"url\":\"https:\/\/entwicklung-schweiz.ch\/\",\"logo\":{\"@type\":\"ImageObject\",\"inLanguage\":\"fr-FR\",\"@id\":\"https:\/\/entwicklung-schweiz.ch\/#\/schema\/logo\/image\/\",\"url\":\"https:\/\/entwicklung-schweiz.ch\/wp-content\/uploads\/2024\/02\/Logo_colors.svg\",\"contentUrl\":\"https:\/\/entwicklung-schweiz.ch\/wp-content\/uploads\/2024\/02\/Logo_colors.svg\",\"width\":243,\"height\":49,\"caption\":\"Entwicklung Schweiz\"},\"image\":{\"@id\":\"https:\/\/entwicklung-schweiz.ch\/#\/schema\/logo\/image\/\"}}]}<\/script>\n<!-- \/ Yoast SEO Premium plugin. -->","yoast_head_json":{"title":"Rencontre de la session de mars 2022 - Entwicklung Schweiz","robots":{"index":"index","follow":"follow","max-snippet":"max-snippet:-1","max-image-preview":"max-image-preview:large","max-video-preview":"max-video-preview:-1"},"canonical":"https:\/\/entwicklung-schweiz.ch\/fr\/event\/fr-sessionsanlass-marz-2022\/","og_locale":"fr_FR","og_type":"article","og_title":"Rencontre de la session de mars 2022","og_description":"Le 15 mars 2022 a eu lieu la rencontre de la session de l&rsquo;association fa\u00eeti\u00e8re Construction Suisse et de ses deux membres, D\u00e9veloppement Suisse et SIA. La th\u00e9matique de la consultation LPE sur la protection contre le bruit et le d\u00e9veloppement de l\u2019urbanisation \u00e9tait au centre des discussions. La rencontre s&rsquo;est focalis\u00e9e sur les tensions [&hellip;]","og_url":"https:\/\/entwicklung-schweiz.ch\/fr\/event\/fr-sessionsanlass-marz-2022\/","og_site_name":"Entwicklung Schweiz","article_modified_time":"2024-05-27T07:12:06+00:00","og_image":[{"width":663,"height":442,"url":"https:\/\/entwicklung-schweiz.ch\/wp-content\/uploads\/2024\/02\/sae_8203-663.jpg","type":"image\/jpeg"}],"twitter_card":"summary_large_image","twitter_misc":{"Dur\u00e9e de lecture estim\u00e9e":"2 minutes"},"schema":{"@context":"https:\/\/schema.org","@graph":[{"@type":"WebPage","@id":"https:\/\/entwicklung-schweiz.ch\/fr\/event\/fr-sessionsanlass-marz-2022\/","url":"https:\/\/entwicklung-schweiz.ch\/fr\/event\/fr-sessionsanlass-marz-2022\/","name":"Rencontre de la session de mars 2022 - Entwicklung Schweiz","isPartOf":{"@id":"https:\/\/entwicklung-schweiz.ch\/#website"},"primaryImageOfPage":{"@id":"https:\/\/entwicklung-schweiz.ch\/fr\/event\/fr-sessionsanlass-marz-2022\/#primaryimage"},"image":{"@id":"https:\/\/entwicklung-schweiz.ch\/fr\/event\/fr-sessionsanlass-marz-2022\/#primaryimage"},"thumbnailUrl":"https:\/\/entwicklung-schweiz.ch\/wp-content\/uploads\/2024\/02\/sae_8203-663.jpg","datePublished":"2024-02-22T07:21:39+00:00","dateModified":"2024-05-27T07:12:06+00:00","breadcrumb":{"@id":"https:\/\/entwicklung-schweiz.ch\/fr\/event\/fr-sessionsanlass-marz-2022\/#breadcrumb"},"inLanguage":"fr-FR","potentialAction":[{"@type":"ReadAction","target":["https:\/\/entwicklung-schweiz.ch\/fr\/event\/fr-sessionsanlass-marz-2022\/"]}]},{"@type":"ImageObject","inLanguage":"fr-FR","@id":"https:\/\/entwicklung-schweiz.ch\/fr\/event\/fr-sessionsanlass-marz-2022\/#primaryimage","url":"https:\/\/entwicklung-schweiz.ch\/wp-content\/uploads\/2024\/02\/sae_8203-663.jpg","contentUrl":"https:\/\/entwicklung-schweiz.ch\/wp-content\/uploads\/2024\/02\/sae_8203-663.jpg","width":663,"height":442},{"@type":"BreadcrumbList","@id":"https:\/\/entwicklung-schweiz.ch\/fr\/event\/fr-sessionsanlass-marz-2022\/#breadcrumb","itemListElement":[{"@type":"ListItem","position":1,"name":"Home","item":"https:\/\/entwicklung-schweiz.ch\/fr\/"},{"@type":"ListItem","position":2,"name":"Events","item":"https:\/\/entwicklung-schweiz.ch\/event\/"},{"@type":"ListItem","position":3,"name":"Rencontre de la session de mars 2022"}]},{"@type":"WebSite","@id":"https:\/\/entwicklung-schweiz.ch\/#website","url":"https:\/\/entwicklung-schweiz.ch\/","name":"Entwicklung Schweiz","description":"","publisher":{"@id":"https:\/\/entwicklung-schweiz.ch\/#organization"},"potentialAction":[{"@type":"SearchAction","target":{"@type":"EntryPoint","urlTemplate":"https:\/\/entwicklung-schweiz.ch\/?s={search_term_string}"},"query-input":"required name=search_term_string"}],"inLanguage":"fr-FR"},{"@type":"Organization","@id":"https:\/\/entwicklung-schweiz.ch\/#organization","name":"Entwicklung Schweiz","url":"https:\/\/entwicklung-schweiz.ch\/","logo":{"@type":"ImageObject","inLanguage":"fr-FR","@id":"https:\/\/entwicklung-schweiz.ch\/#\/schema\/logo\/image\/","url":"https:\/\/entwicklung-schweiz.ch\/wp-content\/uploads\/2024\/02\/Logo_colors.svg","contentUrl":"https:\/\/entwicklung-schweiz.ch\/wp-content\/uploads\/2024\/02\/Logo_colors.svg","width":243,"height":49,"caption":"Entwicklung Schweiz"},"image":{"@id":"https:\/\/entwicklung-schweiz.ch\/#\/schema\/logo\/image\/"}}]}},"_links":{"self":[{"href":"https:\/\/entwicklung-schweiz.ch\/fr\/wp-json\/wp\/v2\/event\/1767"}],"collection":[{"href":"https:\/\/entwicklung-schweiz.ch\/fr\/wp-json\/wp\/v2\/event"}],"about":[{"href":"https:\/\/entwicklung-schweiz.ch\/fr\/wp-json\/wp\/v2\/types\/event"}],"version-history":[{"count":0,"href":"https:\/\/entwicklung-schweiz.ch\/fr\/wp-json\/wp\/v2\/event\/1767\/revisions"}],"wp:featuredmedia":[{"embeddable":true,"href":"https:\/\/entwicklung-schweiz.ch\/fr\/wp-json\/wp\/v2\/media\/716"}],"wp:attachment":[{"href":"https:\/\/entwicklung-schweiz.ch\/fr\/wp-json\/wp\/v2\/media?parent=1767"}],"wp:term":[{"taxonomy":"category","embeddable":true,"href":"https:\/\/entwicklung-schweiz.ch\/fr\/wp-json\/wp\/v2\/categories?post=1767"}],"curies":[{"name":"wp","href":"https:\/\/api.w.org\/{rel}","templated":true}]}}