{"id":1643,"date":"2024-02-20T15:31:44","date_gmt":"2024-02-20T14:31:44","guid":{"rendered":"https:\/\/dev.entwicklung-schweiz.berta-bewegt.ch\/?page_id=1643"},"modified":"2024-05-22T14:02:18","modified_gmt":"2024-05-22T12:02:18","slug":"association","status":"publish","type":"page","link":"https:\/\/entwicklung-schweiz.ch\/fr\/association\/","title":{"rendered":"Association"},"content":{"rendered":"\n<p>Nous nous engageons pour un espace de vie utilis\u00e9 dans un esprit d\u2019innovation et de durabilit\u00e9.&nbsp;Notre r\u00e9ussite tient \u00e0 la perspective d\u2019ensemble cr\u00e9\u00e9e en combinant planification, d\u00e9veloppement et r\u00e9alisation.<\/p>\n\n\n\n<p>Notre association d\u2019entrepreneurs g\u00e9n\u00e9raux et de d\u00e9veloppeurs est synonyme de mod\u00e8les de collaboration int\u00e9gr\u00e9s pour des prestations g\u00e9n\u00e9rales de d\u00e9veloppement, de planification et de r\u00e9alisation de biens immobiliers fournies par nos membres. Ces derniers supportent le risque entrepreneurial, assument leur responsabilit\u00e9 sociale et se distinguent par des solutions innovantes et \u00e9cologiques. Ils d\u00e9veloppent, en commun avec tous les groupes d\u2019int\u00e9r\u00eats, l\u2019espace de vie auquel les habitants de Suisse aspirent&nbsp;\u2013 dans un souci d\u2019innovation et de durabilit\u00e9, pour les g\u00e9n\u00e9rations futures. Nous sommes une voix forte en politique et sur le march\u00e9, pour le d\u00e9veloppement d\u2019une Suisse o\u00f9 il fait bon vivre.<\/p>\n\n\n\n            <section class=\"page-card-block page-card-block-mb-bigger \">\n            \n            <div class=\"page-card-image-block-mob scrollMagic-block\" style=\"background-image: url('https:\/\/entwicklung-schweiz.ch\/wp-content\/uploads\/2024\/02\/63eb94c2e04d360e82192cccb9cc5d27-1200x752.jpeg')\" data-uid=\"69f4db86c6f83\">\n                <img decoding=\"async\" src=\"https:\/\/entwicklung-schweiz.ch\/wp-content\/themes\/entwicklung_schweiz\/assets\/images\/page_card_image_frame.png\" alt=\"Frame\" width=\"1px\" height=\"1px\" \/>\n            <\/div>\n\n            <div class=\"page-card-content-block  bg-color-red border-color-red  scrollMagic-block\" data-uid=\"69f4db86c6b0e\">\n                <div class=\"page-card-top-block\">\n                                            <h2 class=\"mb-0 word-break-on h2-big text-white\">En savoir plus sur nous<\/h2>\n                                    <\/div>\n\n                                    <div class=\"page-card-middle-block\">\n                        <p class=\"mb-0 card-description-bigger text-white\">D\u00e9couvrez notre association.\r\n<\/p>\n                    <\/div>\n                \n                <div class=\"page-card-buttons-block\">\n                    \n                    <a href=\"https:\/\/entwicklung-schweiz.ch\/fr\/a-propos-de-nous\/\" class=\"white-border-button white-border-button-hover-red\" >En savoir plus<\/a>\n                <\/div>\n            <\/div>\n\n            <div class=\"page-card-image-block scrollMagic-block delay-animation-1\" style=\"background-image: url('https:\/\/entwicklung-schweiz.ch\/wp-content\/uploads\/2024\/02\/63eb94c2e04d360e82192cccb9cc5d27-1200x752.jpeg')\" data-uid=\"69f4db86c6b0e\">\n                <img decoding=\"async\" src=\"https:\/\/entwicklung-schweiz.ch\/wp-content\/themes\/entwicklung_schweiz\/assets\/images\/page_card_image_frame.png\" alt=\"Frame\" width=\"1px\" height=\"1px\" \/>\n            <\/div>\n        <\/section>\n    \n\n\n\n<h2 class=\"wp-block-heading\"><strong>Comit\u00e9 et direction<\/strong><\/h2>\n\n\n\n<p>L\u2019influence de notre association tient aussi \u00e0 son comit\u00e9 de haute comp\u00e9tence, pourvu d\u2019un solide leadership et d\u2019un grand dynamisme. Ses membres poss\u00e8dent d\u2019excellents r\u00e9seaux et une grande exp\u00e9rience dans le monde politique et sur le march\u00e9 \u2013 cela fait notre force.<\/p>\n\n\n\n            <section class=\"page-card-block  \">\n            \n            <div class=\"page-card-image-block-mob scrollMagic-block\" style=\"background-image: url('https:\/\/entwicklung-schweiz.ch\/wp-content\/uploads\/2024\/02\/b0df5bbd57ae3e03954da3d3c1af5149-1200x848.jpeg')\" data-uid=\"69f4db86c7eda\">\n                <img decoding=\"async\" src=\"https:\/\/entwicklung-schweiz.ch\/wp-content\/themes\/entwicklung_schweiz\/assets\/images\/page_card_image_frame.png\" alt=\"Frame\" width=\"1px\" height=\"1px\" \/>\n            <\/div>\n\n            <div class=\"page-card-content-block  bg-color-red border-color-red  scrollMagic-block\" data-uid=\"69f4db86c7b23\">\n                <div class=\"page-card-top-block\">\n                                            <h2 class=\"mb-0 word-break-on h2-big text-white\">Comit\u00e9<\/h2>\n                                    <\/div>\n\n                                    <div class=\"page-card-middle-block\">\n                        <p class=\"mb-0 card-description-bigger text-white\">Le comit\u00e9 r\u00e9unit des leaders du secteur, ce qui fait de nous une association forte \u2013 sur le march\u00e9 comme sur la sc\u00e8ne politique.<\/p>\n                    <\/div>\n                \n                <div class=\"page-card-buttons-block\">\n                    \n                    <a href=\"https:\/\/entwicklung-schweiz.ch\/fr\/comite\/\" class=\"white-border-button white-border-button-hover-red\" >En savoir plus<\/a>\n                <\/div>\n            <\/div>\n\n            <div class=\"page-card-image-block scrollMagic-block delay-animation-1\" style=\"background-image: url('https:\/\/entwicklung-schweiz.ch\/wp-content\/uploads\/2024\/02\/b0df5bbd57ae3e03954da3d3c1af5149-1200x848.jpeg')\" data-uid=\"69f4db86c7b23\">\n                <img decoding=\"async\" src=\"https:\/\/entwicklung-schweiz.ch\/wp-content\/themes\/entwicklung_schweiz\/assets\/images\/page_card_image_frame.png\" alt=\"Frame\" width=\"1px\" height=\"1px\" \/>\n            <\/div>\n        <\/section>\n    \n\n\n\n            <section class=\"page-card-block page-card-block-mb-bigger \">\n            \n            <div class=\"page-card-image-block-mob scrollMagic-block\" style=\"background-image: url('https:\/\/entwicklung-schweiz.ch\/wp-content\/uploads\/2024\/02\/fb83161496ebd322918062fcc2837d17.jpeg')\" data-uid=\"69f4db86c8a57\">\n                <img decoding=\"async\" src=\"https:\/\/entwicklung-schweiz.ch\/wp-content\/themes\/entwicklung_schweiz\/assets\/images\/page_card_image_frame.png\" alt=\"Frame\" width=\"1px\" height=\"1px\" \/>\n            <\/div>\n\n            <div class=\"page-card-content-block  bg-color-white border-color-red  scrollMagic-block\" data-uid=\"69f4db86c8757\">\n                <div class=\"page-card-top-block\">\n                                            <h2 class=\"mb-0 word-break-on h2-big text-red\">Secr\u00e9tariat<\/h2>\n                                    <\/div>\n\n                                    <div class=\"page-card-middle-block\">\n                        <p class=\"mb-0 card-description-bigger text-red\">D\u00e9couvrez notre secr\u00e9tariat.\r\n<\/p>\n                    <\/div>\n                \n                <div class=\"page-card-buttons-block\">\n                    \n                    <a href=\"https:\/\/entwicklung-schweiz.ch\/fr\/secretariat\/\" class=\"red-border-button \" >En savoir plus<\/a>\n                <\/div>\n            <\/div>\n\n            <div class=\"page-card-image-block scrollMagic-block delay-animation-1\" style=\"background-image: url('https:\/\/entwicklung-schweiz.ch\/wp-content\/uploads\/2024\/02\/fb83161496ebd322918062fcc2837d17.jpeg')\" data-uid=\"69f4db86c8757\">\n                <img decoding=\"async\" src=\"https:\/\/entwicklung-schweiz.ch\/wp-content\/themes\/entwicklung_schweiz\/assets\/images\/page_card_image_frame.png\" alt=\"Frame\" width=\"1px\" height=\"1px\" \/>\n            <\/div>\n        <\/section>\n    \n\n\n\n<h2 class=\"wp-block-heading\"><strong>Nos prestations<\/strong><\/h2>\n\n\n\n<p>Les membres de D\u00e9veloppement Suisse assument des responsabilit\u00e9s pour la qualit\u00e9 de vie et du logement dans notre pays. Ils contribuent \u00e0 un d\u00e9veloppement judicieux de la Suisse, tenant compte des effets \u00e9conomiques, \u00e9cologiques et sociaux.<\/p>\n\n\n\n            <section class=\"custom-link-block custom-link-block-add-indent\">\n            <a href=\"https:\/\/entwicklung-schweiz.ch\/verband\/dienstleistungen\/\" class=\"red-border-button big-btn\"   >\n                D\u00e9couvrez nos prestations            <\/a>\n        <\/section>\n    \n\n\n\n\n            <section class=\"page-card-block page-card-block-mb-bigger \">\n            \n            <div class=\"page-card-image-block-mob scrollMagic-block\" style=\"background-image: url('https:\/\/entwicklung-schweiz.ch\/wp-content\/uploads\/2024\/02\/b0df5bbd57ae3e03954da3d3c1af5149-1200x848.jpeg')\" data-uid=\"69f4db86c9af5\">\n                <img decoding=\"async\" src=\"https:\/\/entwicklung-schweiz.ch\/wp-content\/themes\/entwicklung_schweiz\/assets\/images\/page_card_image_frame.png\" alt=\"Frame\" width=\"1px\" height=\"1px\" \/>\n            <\/div>\n\n            <div class=\"page-card-content-block  bg-color-red border-color-red  scrollMagic-block\" data-uid=\"69f4db86c9a0d\">\n                <div class=\"page-card-top-block\">\n                                            <h2 class=\"mb-0 word-break-on h2-big text-white\">Manifestations et rencontres<\/h2>\n                                    <\/div>\n\n                                    <div class=\"page-card-middle-block\">\n                        <p class=\"mb-0 card-description-bigger text-white\">D\u00e9couvrez nos manifestations.<\/p>\n                    <\/div>\n                \n                <div class=\"page-card-buttons-block\">\n                    \n                    <a href=\"https:\/\/entwicklung-schweiz.ch\/fr\/manifestations\/\" class=\"white-border-button white-border-button-hover-red\" >En savoir plus<\/a>\n                <\/div>\n            <\/div>\n\n            <div class=\"page-card-image-block scrollMagic-block delay-animation-1\" style=\"background-image: url('https:\/\/entwicklung-schweiz.ch\/wp-content\/uploads\/2024\/02\/b0df5bbd57ae3e03954da3d3c1af5149-1200x848.jpeg')\" data-uid=\"69f4db86c9a0d\">\n                <img decoding=\"async\" src=\"https:\/\/entwicklung-schweiz.ch\/wp-content\/themes\/entwicklung_schweiz\/assets\/images\/page_card_image_frame.png\" alt=\"Frame\" width=\"1px\" height=\"1px\" \/>\n            <\/div>\n        <\/section>\n    \n\n\n\n    <section class=\"post-3-cards-block \">\n            <h2 class=\"  mb-0 scrollMagic-block\" data-uid=\"69f4db86cc89e\">Sur le th\u00e8me<\/h2>\n        <div class=\"title-divider\"><\/div>\n    \n    <div class=\"post-cards\">\n                <div class=\"post-card scrollMagic-block delay-animation-0\" data-uid=\"69f4db86cd19a\">\n        <a href=\"https:\/\/entwicklung-schweiz.ch\/fr\/principales-modifications-du-droit-des-contrats-de-construction-revision-du-co-et-du-cc-au-1er-janvier-2026\/\" class=\"post-card-image-block\" style=\"background-image: url('https:\/\/entwicklung-schweiz.ch\/wp-content\/uploads\/2025\/12\/251215-Artikel-OR-Revision-800x533.png')\">\n            <img decoding=\"async\" src=\"https:\/\/entwicklung-schweiz.ch\/wp-content\/themes\/entwicklung_schweiz\/assets\/images\/post_card_image_frame.png\" alt=\"Frame\" width=\"1px\" height=\"1px\" \/>\n        <\/a>\n\n        <div class=\"post-card-content-block\">\n            \n            <h3 class=\"small mb-0\">\n                <a href=\"https:\/\/entwicklung-schweiz.ch\/fr\/principales-modifications-du-droit-des-contrats-de-construction-revision-du-co-et-du-cc-au-1er-janvier-2026\/\">Principales modifications du droit des contrats de construction (r\u00e9vision du CO et du CC) au 1er janvier 2026<\/a>\n            <\/h3>\n        <\/div>\n    <\/div>\n            <div class=\"post-card scrollMagic-block delay-animation-1\" data-uid=\"69f4db86cdbcb\">\n        <a href=\"https:\/\/entwicklung-schweiz.ch\/fr\/le-secteur-de-la-construction-et-de-limmobilier-rencontre-la-place-financiere-lors-de-levenement-annuel-de-developpement-suisse\/\" class=\"post-card-image-block\" style=\"background-image: url('https:\/\/entwicklung-schweiz.ch\/wp-content\/uploads\/2025\/06\/Screenshots7-800x450.jpg')\">\n            <img decoding=\"async\" src=\"https:\/\/entwicklung-schweiz.ch\/wp-content\/themes\/entwicklung_schweiz\/assets\/images\/post_card_image_frame.png\" alt=\"Frame\" width=\"1px\" height=\"1px\" \/>\n        <\/a>\n\n        <div class=\"post-card-content-block\">\n            \n            <h3 class=\"small mb-0\">\n                <a href=\"https:\/\/entwicklung-schweiz.ch\/fr\/le-secteur-de-la-construction-et-de-limmobilier-rencontre-la-place-financiere-lors-de-levenement-annuel-de-developpement-suisse\/\">Le secteur de la construction et de l&rsquo;immobilier rencontre la place financi\u00e8re lors de l&rsquo;\u00e9v\u00e9nement annuel de D\u00e9veloppement Suisse<\/a>\n            <\/h3>\n        <\/div>\n    <\/div>\n            <div class=\"post-card scrollMagic-block delay-animation-2\" data-uid=\"69f4db86ce69c\">\n        <a href=\"https:\/\/entwicklung-schweiz.ch\/fr\/un-magnifique-leaders-lunch-2025-a-berne\/\" class=\"post-card-image-block\" style=\"background-image: url('https:\/\/entwicklung-schweiz.ch\/wp-content\/uploads\/2025\/02\/LL-1.jpg')\">\n            <img decoding=\"async\" src=\"https:\/\/entwicklung-schweiz.ch\/wp-content\/themes\/entwicklung_schweiz\/assets\/images\/post_card_image_frame.png\" alt=\"Frame\" width=\"1px\" height=\"1px\" \/>\n        <\/a>\n\n        <div class=\"post-card-content-block\">\n            \n            <h3 class=\"small mb-0\">\n                <a href=\"https:\/\/entwicklung-schweiz.ch\/fr\/un-magnifique-leaders-lunch-2025-a-berne\/\">Un magnifique Leaders Lunch 2025 \u00e0 Berne<\/a>\n            <\/h3>\n        <\/div>\n    <\/div>\n        <\/div>\n\n            <div class=\"button-block\">\n            <a href=\"https:\/\/entwicklung-schweiz.ch\/fr\/medias\/\" class=\"red-border-button big-btn\">Toutes les contributions<\/a>\n        <\/div>\n    <\/section>\n\n","protected":false},"excerpt":{"rendered":"<p>Nous nous engageons pour un espace de vie utilis\u00e9 dans un esprit d\u2019innovation et de durabilit\u00e9.&nbsp;Notre r\u00e9ussite tient \u00e0 la perspective d\u2019ensemble cr\u00e9\u00e9e en combinant planification, d\u00e9veloppement et r\u00e9alisation. Notre association d\u2019entrepreneurs g\u00e9n\u00e9raux et de d\u00e9veloppeurs est synonyme de mod\u00e8les de collaboration int\u00e9gr\u00e9s pour des prestations g\u00e9n\u00e9rales de d\u00e9veloppement, de planification et de r\u00e9alisation de [&hellip;]<\/p>\n","protected":false},"author":7,"featured_media":1945,"parent":0,"menu_order":8,"comment_status":"closed","ping_status":"closed","template":"","meta":{"_acf_changed":false,"inline_featured_image":false,"_themeisle_gutenberg_block_has_review":false,"footnotes":""},"acf":[],"yoast_head":"<!-- This site is optimized with the Yoast SEO Premium plugin v22.7 (Yoast SEO v22.7) - https:\/\/yoast.com\/wordpress\/plugins\/seo\/ -->\n<title>Association - Entwicklung Schweiz<\/title>\n<meta name=\"robots\" content=\"index, follow, max-snippet:-1, max-image-preview:large, max-video-preview:-1\" \/>\n<link rel=\"canonical\" href=\"https:\/\/entwicklung-schweiz.ch\/fr\/association\/\" \/>\n<meta property=\"og:locale\" content=\"fr_FR\" \/>\n<meta property=\"og:type\" content=\"article\" \/>\n<meta property=\"og:title\" content=\"Association\" \/>\n<meta property=\"og:description\" content=\"Nous nous engageons pour un espace de vie utilis\u00e9 dans un esprit d\u2019innovation et de durabilit\u00e9.&nbsp;Notre r\u00e9ussite tient \u00e0 la perspective d\u2019ensemble cr\u00e9\u00e9e en combinant planification, d\u00e9veloppement et r\u00e9alisation. Notre association d\u2019entrepreneurs g\u00e9n\u00e9raux et de d\u00e9veloppeurs est synonyme de mod\u00e8les de collaboration int\u00e9gr\u00e9s pour des prestations g\u00e9n\u00e9rales de d\u00e9veloppement, de planification et de r\u00e9alisation de [&hellip;]\" \/>\n<meta property=\"og:url\" content=\"https:\/\/entwicklung-schweiz.ch\/fr\/association\/\" \/>\n<meta property=\"og:site_name\" content=\"Entwicklung Schweiz\" \/>\n<meta property=\"article:modified_time\" content=\"2024-05-22T12:02:18+00:00\" \/>\n<meta property=\"og:image\" content=\"https:\/\/entwicklung-schweiz.ch\/wp-content\/uploads\/2024\/02\/spr1538-720.jpg\" \/>\n\t<meta property=\"og:image:width\" content=\"640\" \/>\n\t<meta property=\"og:image:height\" content=\"414\" \/>\n\t<meta property=\"og:image:type\" content=\"image\/jpeg\" \/>\n<meta name=\"twitter:card\" content=\"summary_large_image\" \/>\n<meta name=\"twitter:label1\" content=\"Dur\u00e9e de lecture estim\u00e9e\" \/>\n\t<meta name=\"twitter:data1\" content=\"2 minutes\" \/>\n<script type=\"application\/ld+json\" class=\"yoast-schema-graph\">{\"@context\":\"https:\/\/schema.org\",\"@graph\":[{\"@type\":\"WebPage\",\"@id\":\"https:\/\/entwicklung-schweiz.ch\/fr\/association\/\",\"url\":\"https:\/\/entwicklung-schweiz.ch\/fr\/association\/\",\"name\":\"Association - Entwicklung Schweiz\",\"isPartOf\":{\"@id\":\"https:\/\/entwicklung-schweiz.ch\/#website\"},\"primaryImageOfPage\":{\"@id\":\"https:\/\/entwicklung-schweiz.ch\/fr\/association\/#primaryimage\"},\"image\":{\"@id\":\"https:\/\/entwicklung-schweiz.ch\/fr\/association\/#primaryimage\"},\"thumbnailUrl\":\"https:\/\/entwicklung-schweiz.ch\/wp-content\/uploads\/2024\/05\/22-06-02-JA-0160-Kopie36_page-0001-scaled.jpg\",\"datePublished\":\"2024-02-20T14:31:44+00:00\",\"dateModified\":\"2024-05-22T12:02:18+00:00\",\"breadcrumb\":{\"@id\":\"https:\/\/entwicklung-schweiz.ch\/fr\/association\/#breadcrumb\"},\"inLanguage\":\"fr-FR\",\"potentialAction\":[{\"@type\":\"ReadAction\",\"target\":[\"https:\/\/entwicklung-schweiz.ch\/fr\/association\/\"]}]},{\"@type\":\"ImageObject\",\"inLanguage\":\"fr-FR\",\"@id\":\"https:\/\/entwicklung-schweiz.ch\/fr\/association\/#primaryimage\",\"url\":\"https:\/\/entwicklung-schweiz.ch\/wp-content\/uploads\/2024\/05\/22-06-02-JA-0160-Kopie36_page-0001-scaled.jpg\",\"contentUrl\":\"https:\/\/entwicklung-schweiz.ch\/wp-content\/uploads\/2024\/05\/22-06-02-JA-0160-Kopie36_page-0001-scaled.jpg\",\"width\":2560,\"height\":1708},{\"@type\":\"BreadcrumbList\",\"@id\":\"https:\/\/entwicklung-schweiz.ch\/fr\/association\/#breadcrumb\",\"itemListElement\":[{\"@type\":\"ListItem\",\"position\":1,\"name\":\"Home\",\"item\":\"https:\/\/entwicklung-schweiz.ch\/fr\/\"},{\"@type\":\"ListItem\",\"position\":2,\"name\":\"Association\"}]},{\"@type\":\"WebSite\",\"@id\":\"https:\/\/entwicklung-schweiz.ch\/#website\",\"url\":\"https:\/\/entwicklung-schweiz.ch\/\",\"name\":\"Entwicklung Schweiz\",\"description\":\"\",\"publisher\":{\"@id\":\"https:\/\/entwicklung-schweiz.ch\/#organization\"},\"potentialAction\":[{\"@type\":\"SearchAction\",\"target\":{\"@type\":\"EntryPoint\",\"urlTemplate\":\"https:\/\/entwicklung-schweiz.ch\/?s={search_term_string}\"},\"query-input\":\"required name=search_term_string\"}],\"inLanguage\":\"fr-FR\"},{\"@type\":\"Organization\",\"@id\":\"https:\/\/entwicklung-schweiz.ch\/#organization\",\"name\":\"Entwicklung Schweiz\",\"url\":\"https:\/\/entwicklung-schweiz.ch\/\",\"logo\":{\"@type\":\"ImageObject\",\"inLanguage\":\"fr-FR\",\"@id\":\"https:\/\/entwicklung-schweiz.ch\/#\/schema\/logo\/image\/\",\"url\":\"https:\/\/entwicklung-schweiz.ch\/wp-content\/uploads\/2024\/02\/Logo_colors.svg\",\"contentUrl\":\"https:\/\/entwicklung-schweiz.ch\/wp-content\/uploads\/2024\/02\/Logo_colors.svg\",\"width\":243,\"height\":49,\"caption\":\"Entwicklung Schweiz\"},\"image\":{\"@id\":\"https:\/\/entwicklung-schweiz.ch\/#\/schema\/logo\/image\/\"}}]}<\/script>\n<!-- \/ Yoast SEO Premium plugin. -->","yoast_head_json":{"title":"Association - Entwicklung Schweiz","robots":{"index":"index","follow":"follow","max-snippet":"max-snippet:-1","max-image-preview":"max-image-preview:large","max-video-preview":"max-video-preview:-1"},"canonical":"https:\/\/entwicklung-schweiz.ch\/fr\/association\/","og_locale":"fr_FR","og_type":"article","og_title":"Association","og_description":"Nous nous engageons pour un espace de vie utilis\u00e9 dans un esprit d\u2019innovation et de durabilit\u00e9.&nbsp;Notre r\u00e9ussite tient \u00e0 la perspective d\u2019ensemble cr\u00e9\u00e9e en combinant planification, d\u00e9veloppement et r\u00e9alisation. Notre association d\u2019entrepreneurs g\u00e9n\u00e9raux et de d\u00e9veloppeurs est synonyme de mod\u00e8les de collaboration int\u00e9gr\u00e9s pour des prestations g\u00e9n\u00e9rales de d\u00e9veloppement, de planification et de r\u00e9alisation de [&hellip;]","og_url":"https:\/\/entwicklung-schweiz.ch\/fr\/association\/","og_site_name":"Entwicklung Schweiz","article_modified_time":"2024-05-22T12:02:18+00:00","og_image":[{"width":640,"height":414,"url":"https:\/\/entwicklung-schweiz.ch\/wp-content\/uploads\/2024\/02\/spr1538-720.jpg","type":"image\/jpeg"}],"twitter_card":"summary_large_image","twitter_misc":{"Dur\u00e9e de lecture estim\u00e9e":"2 minutes"},"schema":{"@context":"https:\/\/schema.org","@graph":[{"@type":"WebPage","@id":"https:\/\/entwicklung-schweiz.ch\/fr\/association\/","url":"https:\/\/entwicklung-schweiz.ch\/fr\/association\/","name":"Association - Entwicklung Schweiz","isPartOf":{"@id":"https:\/\/entwicklung-schweiz.ch\/#website"},"primaryImageOfPage":{"@id":"https:\/\/entwicklung-schweiz.ch\/fr\/association\/#primaryimage"},"image":{"@id":"https:\/\/entwicklung-schweiz.ch\/fr\/association\/#primaryimage"},"thumbnailUrl":"https:\/\/entwicklung-schweiz.ch\/wp-content\/uploads\/2024\/05\/22-06-02-JA-0160-Kopie36_page-0001-scaled.jpg","datePublished":"2024-02-20T14:31:44+00:00","dateModified":"2024-05-22T12:02:18+00:00","breadcrumb":{"@id":"https:\/\/entwicklung-schweiz.ch\/fr\/association\/#breadcrumb"},"inLanguage":"fr-FR","potentialAction":[{"@type":"ReadAction","target":["https:\/\/entwicklung-schweiz.ch\/fr\/association\/"]}]},{"@type":"ImageObject","inLanguage":"fr-FR","@id":"https:\/\/entwicklung-schweiz.ch\/fr\/association\/#primaryimage","url":"https:\/\/entwicklung-schweiz.ch\/wp-content\/uploads\/2024\/05\/22-06-02-JA-0160-Kopie36_page-0001-scaled.jpg","contentUrl":"https:\/\/entwicklung-schweiz.ch\/wp-content\/uploads\/2024\/05\/22-06-02-JA-0160-Kopie36_page-0001-scaled.jpg","width":2560,"height":1708},{"@type":"BreadcrumbList","@id":"https:\/\/entwicklung-schweiz.ch\/fr\/association\/#breadcrumb","itemListElement":[{"@type":"ListItem","position":1,"name":"Home","item":"https:\/\/entwicklung-schweiz.ch\/fr\/"},{"@type":"ListItem","position":2,"name":"Association"}]},{"@type":"WebSite","@id":"https:\/\/entwicklung-schweiz.ch\/#website","url":"https:\/\/entwicklung-schweiz.ch\/","name":"Entwicklung Schweiz","description":"","publisher":{"@id":"https:\/\/entwicklung-schweiz.ch\/#organization"},"potentialAction":[{"@type":"SearchAction","target":{"@type":"EntryPoint","urlTemplate":"https:\/\/entwicklung-schweiz.ch\/?s={search_term_string}"},"query-input":"required name=search_term_string"}],"inLanguage":"fr-FR"},{"@type":"Organization","@id":"https:\/\/entwicklung-schweiz.ch\/#organization","name":"Entwicklung Schweiz","url":"https:\/\/entwicklung-schweiz.ch\/","logo":{"@type":"ImageObject","inLanguage":"fr-FR","@id":"https:\/\/entwicklung-schweiz.ch\/#\/schema\/logo\/image\/","url":"https:\/\/entwicklung-schweiz.ch\/wp-content\/uploads\/2024\/02\/Logo_colors.svg","contentUrl":"https:\/\/entwicklung-schweiz.ch\/wp-content\/uploads\/2024\/02\/Logo_colors.svg","width":243,"height":49,"caption":"Entwicklung Schweiz"},"image":{"@id":"https:\/\/entwicklung-schweiz.ch\/#\/schema\/logo\/image\/"}}]}},"_links":{"self":[{"href":"https:\/\/entwicklung-schweiz.ch\/fr\/wp-json\/wp\/v2\/pages\/1643"}],"collection":[{"href":"https:\/\/entwicklung-schweiz.ch\/fr\/wp-json\/wp\/v2\/pages"}],"about":[{"href":"https:\/\/entwicklung-schweiz.ch\/fr\/wp-json\/wp\/v2\/types\/page"}],"author":[{"embeddable":true,"href":"https:\/\/entwicklung-schweiz.ch\/fr\/wp-json\/wp\/v2\/users\/7"}],"replies":[{"embeddable":true,"href":"https:\/\/entwicklung-schweiz.ch\/fr\/wp-json\/wp\/v2\/comments?post=1643"}],"version-history":[{"count":5,"href":"https:\/\/entwicklung-schweiz.ch\/fr\/wp-json\/wp\/v2\/pages\/1643\/revisions"}],"predecessor-version":[{"id":1733,"href":"https:\/\/entwicklung-schweiz.ch\/fr\/wp-json\/wp\/v2\/pages\/1643\/revisions\/1733"}],"wp:featuredmedia":[{"embeddable":true,"href":"https:\/\/entwicklung-schweiz.ch\/fr\/wp-json\/wp\/v2\/media\/1945"}],"wp:attachment":[{"href":"https:\/\/entwicklung-schweiz.ch\/fr\/wp-json\/wp\/v2\/media?parent=1643"}],"curies":[{"name":"wp","href":"https:\/\/api.w.org\/{rel}","templated":true}]}}