{"id":1710,"date":"2024-02-21T08:38:16","date_gmt":"2024-02-21T07:38:16","guid":{"rendered":"https:\/\/dev.entwicklung-schweiz.berta-bewegt.ch\/?page_id=1710"},"modified":"2026-03-27T16:32:13","modified_gmt":"2026-03-27T15:32:13","slug":"partenaires-associes","status":"publish","type":"page","link":"https:\/\/entwicklung-schweiz.ch\/fr\/membres\/partenaires-associes\/","title":{"rendered":"Partenaires associ\u00e9s"},"content":{"rendered":"\n<p>D\u00e9veloppement Suisse est convaincu qu&rsquo;une collaboration avec des partenaires associ\u00e9s permettra d&rsquo;augmenter l&rsquo;impact des travaux et d&rsquo;en tirer une plus-value encore plus grande pour tous.<\/p>\n\n\n\n<p>En raison de l&rsquo;\u00e9volution de la soci\u00e9t\u00e9, de l&rsquo;environnement et des technologies, et donc aussi des conditions-cadres r\u00e9glementaires, le secteur de la construction a besoin d&rsquo;un d\u00e9veloppement permanent. Dans ce contexte, D\u00e9veloppement Suisse se positionne comme un partenaire cr\u00e9dible et fait avancer les th\u00e8mes importants, que ce soit au sein de la branche ou dans la politique.<\/p>\n\n\n\n<p>Pour d\u00e9fendre les int\u00e9r\u00eats de ses membres et de ses partenaires, D\u00e9veloppement Suisse mise sur une prise d&rsquo;influence pr\u00e9coce afin de cr\u00e9er des conditions-cadres optimales. Nous nous mettons en r\u00e9seau avec d&rsquo;autres associations et d&rsquo;\u00e9ventuels partenaires (d&rsquo;alliance). D\u00e9veloppement Suisse veut assumer une coresponsabilit\u00e9 pour la qualit\u00e9 de vie et de l&rsquo;habitat dans notre pays et discute, dans une perspective d&rsquo;avenir, de th\u00e8mes li\u00e9s \u00e0 l&rsquo;am\u00e9nagement du territoire, au d\u00e9veloppement, aux processus, \u00e0 l&rsquo;immobilier, etc. Des orientations et des messages en sont tir\u00e9s et diffus\u00e9s \u00e0 l&rsquo;ext\u00e9rieur de mani\u00e8re cibl\u00e9e et efficace. De plus, D\u00e9veloppement Suisse organise chaque ann\u00e9e un grand \u00e9v\u00e9nement de r\u00e9seautage ainsi que deux d\u00e9jeuners de r\u00e9seautage sur des th\u00e8mes actuels ou pertinents pour la branche.<\/p>\n\n\n\n<p><strong>Valeurs ajout\u00e9es d&rsquo;un partenariat associ\u00e9<\/strong><\/p>\n\n\n\n<ul>\n<li>Soutien id\u00e9al des int\u00e9r\u00eats.<\/li>\n\n\n\n<li>Utiliser les r\u00e9seaux existants de D\u00e9veloppement Suisse avec un acc\u00e8s direct \u00e0 la politique, aux autorit\u00e9s et aux d\u00e9cideurs du secteur.<\/li>\n\n\n\n<li>Un acc\u00e8s mutuel direct et un \u00e9change plus \u00e9troit.<\/li>\n\n\n\n<li>Invitation aux Leaders Lunch \u00e9tablis (au moins 2 par an).<\/li>\n\n\n\n<li>Invitation \u00e0 d&rsquo;autres \u00e9v\u00e9nements organis\u00e9s par D\u00e9veloppement Suisse (notamment l&rsquo;\u00e9v\u00e9nement annuel).<\/li>\n\n\n\n<li>Invitation \u00e0 la \u00ab\u00a0Session Unplugged avec le conseiller aux \u00c9tats Martin Schmid\u00a0\u00bb (\u00e0 la fin de chaque session)<\/li>\n\n\n\n<li>Apport direct de \u00ab\u00a0propres\u00a0\u00bb int\u00e9r\u00eats dans l&rsquo;association avec la possibilit\u00e9 d&rsquo;\u00e9valuer, de regrouper et de d\u00e9fendre ensemble des int\u00e9r\u00eats communs.<\/li>\n\n\n\n<li>Participation au d\u00e9veloppement de th\u00e8mes pertinents pour le secteur avec des int\u00e9r\u00eats communs dans des \u00ab\u00a0plates-formes d&rsquo;\u00e9change\u00a0\u00bb ad hoc. Positionnement plus large pour exercer une influence avec une meilleure perception. Acc\u00e8s aux informations de l&rsquo;association et participation possible aux assembl\u00e9es g\u00e9n\u00e9rales.<\/li>\n\n\n\n<li>Mention sur le site Internet (lien vers votre page d&rsquo;accueil) et dans le rapport annuel de D\u00e9veloppement Suisse.<\/li>\n<\/ul>\n\n\n\n<p><strong>Diff\u00e9rences avec une adh\u00e9sion<\/strong><\/p>\n\n\n\n<ul>\n<li>ne sont pas actifs en tant que fournisseurs de prestations globales\/entreprises\/entreprises communes<\/li>\n\n\n\n<li>n&rsquo;ont pas de droit de proposition, d&rsquo;\u00e9lection et de vote<\/li>\n\n\n\n<li>ne peuvent pas \u00eatre \u00e9lus au conseil d&rsquo;administration<\/li>\n\n\n\n<li>versent une cotisation annuelle nettement moins \u00e9lev\u00e9e (CHF 5&rsquo;000.00 plus TVA)<\/li>\n<\/ul>\n\n\n\n    <section class=\"links-list-block  scrollMagic-block \" data-uid=\"69f4e8b031151\">\n        <div class=\"\"><\/div>\n\n        <div class=\"block-inner-content-part\">\n                            <h2 class=\"mb-0\">Partenaires associ\u00e9s de D\u00e9veloppement Suisse<\/h2>\n                <div class=\"title-divider\"><\/div>\n            \n            <div class=\"links-list\">\n                                                            <p class=\"\">\n                            <a href=\"https:\/\/new.abb.com\/ch\" target=\"_blank\" class=\"text-red_dark\">\n                                ABB Schweiz AG                            <\/a>\n                        <\/p>\n                                                                                <p class=\"\">\n                            <a href=\"https:\/\/www.alho.com\/ch\/?gad_source=1&#038;gclid=Cj0KCQjwqpSwBhClARIsADlZ_TnKlGzn06oI7kfceGqNtJUbvNa84j2-VvGOUZqvgCnCG1Nkp6iB9kkaAt5hEALw_wcB\" target=\"_blank\" class=\"text-red_dark\">\n                                ALHO Systembau AG                            <\/a>\n                        <\/p>\n                                                                                <p class=\"\">\n                            <a href=\"https:\/\/allreal.ch\/\" target=\"_blank\" class=\"text-red_dark\">\n                                Allreal Holding AG                            <\/a>\n                        <\/p>\n                                                                                <p class=\"\">\n                            <a href=\"http:\/\/www.atmoshaus-be.ch\" target=\"_blank\" class=\"text-red_dark\">\n                                Atmoshaus AG, succursale Sch\u00f6nb\u00fchl                            <\/a>\n                        <\/p>\n                                                                                <p class=\"\">\n                            <a href=\"https:\/\/caretta-weidmann.ch\/\" target=\"_blank\" class=\"text-red_dark\">\n                                Caretta Weidmann Baumanagement AG                            <\/a>\n                        <\/p>\n                                                                                <p class=\"\">\n                            <a href=\"https:\/\/www.champroperties.ch\/\" target=\"_blank\" class=\"text-red_dark\">\n                                Cham Swiss Properties AG                            <\/a>\n                        <\/p>\n                                                                                <p class=\"\">\n                            <a href=\"https:\/\/www.mobiliar.ch\/?gad_source=1&#038;gclid=Cj0KCQjwqpSwBhClARIsADlZ_TmdSQFynMYvmSu3ySdYHAfRNLJKaI75HUNOpWrq0hsvTFNPfTEeSYsaAgUBEALw_wcB&#038;gclsrc=aw.ds\" target=\"_blank\" class=\"text-red_dark\">\n                                Die Mobiliar                            <\/a>\n                        <\/p>\n                                                                                <p class=\"\">\n                            <a href=\"https:\/\/www.ekz.ch\/de\/privatkunden.html\" target=\"_blank\" class=\"text-red_dark\">\n                                EKZ                            <\/a>\n                        <\/p>\n                                                                                <p class=\"\">\n                            <a href=\"https:\/\/www.electrolux.ch\/fr-ch\/\" target=\"_blank\" class=\"text-red_dark\">\n                                Electrolux AG                            <\/a>\n                        <\/p>\n                                                                                <p class=\"\">\n                            <a href=\"https:\/\/www.ewz.ch\/de\/ueber-ewz\/portrait\/unternehmen\/organisation_und_geschaeftsleitung.html\" target=\"_blank\" class=\"text-red_dark\">\n                                ewz                            <\/a>\n                        <\/p>\n                                                                                <p class=\"\">\n                            <a href=\"https:\/\/www.fanzun.swiss\/\" target=\"_blank\" class=\"text-red_dark\">\n                                Fanzun AG Architekten Ingenieure Berater                            <\/a>\n                        <\/p>\n                                                                                <p class=\"\">\n                            <a href=\"https:\/\/www.gsgi.ch\/#:~:text=Die%20Gruppe%20der%20Schweizerischen%20Geb\u00e4udetechnik,durch%20ihre%20qualitativ%20anerkannten%20Leistungen.\" target=\"_blank\" class=\"text-red_dark\">\n                                Gruppe der Schweizerischen Geb\u00e4udetechnik-Industrie                            <\/a>\n                        <\/p>\n                                                                                <p class=\"\">\n                            <a href=\"https:\/\/haelg.ch\/fr\/\" target=\"_blank\" class=\"text-red_dark\">\n                                H\u00e4lg Group                            <\/a>\n                        <\/p>\n                                                                                <p class=\"\">\n                            <a href=\"https:\/\/www.hgc.ch\/de\/?gad_source=1&#038;gclid=Cj0KCQjwqpSwBhClARIsADlZ_TmDtg3G6FlGsLaoa0R0mVXz6uiaVUHWkR-578uu1zmhD_jBufgp7cAaAraKEALw_wcB\" target=\"_blank\" class=\"text-red_dark\">\n                                HG Commerciale                            <\/a>\n                        <\/p>\n                                                                                <p class=\"\">\n                            <a href=\"https:\/\/www.hiag.com\/\" target=\"_blank\" class=\"text-red_dark\">\n                                HIAG Immobilien Holding AG                            <\/a>\n                        <\/p>\n                                                                                <p class=\"\">\n                            <a href=\"https:\/\/imub.ch\" target=\"_blank\" class=\"text-red_dark\">\n                                IMUB AG                            <\/a>\n                        <\/p>\n                                                                                <p class=\"\">\n                            <a href=\"https:\/\/intershop.ch\/\" target=\"_blank\" class=\"text-red_dark\">\n                                Intershop Holding AG                            <\/a>\n                        <\/p>\n                                                                                <p class=\"\">\n                            <a href=\"http:\/\/www.mettler-entwickler.ch\" target=\"_blank\" class=\"text-red_dark\">\n                                Mettler Entwickler AG                            <\/a>\n                        <\/p>\n                                                                                <p class=\"\">\n                            <a href=\"https:\/\/www.mobimo.ch\/de\" target=\"_blank\" class=\"text-red_dark\">\n                                Mobimo Management AG                            <\/a>\n                        <\/p>\n                                                                                <p class=\"\">\n                            <a href=\"https:\/\/moessinger.ch\/\" target=\"_blank\" class=\"text-red_dark\">\n                                M\u00f6ssinger Immobilien AG                            <\/a>\n                        <\/p>\n                                                                                <p class=\"\">\n                            <a href=\"https:\/\/peerproperty.ch\/\" target=\"_blank\" class=\"text-red_dark\">\n                                PEER PROPERTY PARTNERS                            <\/a>\n                        <\/p>\n                                                                                <p class=\"\">\n                            <a href=\"https:\/\/www.ptv.ch\/ptv-immobilien\" target=\"_blank\" class=\"text-red_dark\">\n                                PTV-Immobilien                            <\/a>\n                        <\/p>\n                                                                                <p class=\"\">\n                            <a href=\"https:\/\/immobilien.post.ch\/de\" target=\"_blank\" class=\"text-red_dark\">\n                                Post Immobilien, Management und Services AG                            <\/a>\n                        <\/p>\n                                                                                <p class=\"\">\n                            <a href=\"https:\/\/propertyone.ch\/fr\/\" target=\"_blank\" class=\"text-red_dark\">\n                                Property One Partners AG                            <\/a>\n                        <\/p>\n                                                                                <p class=\"\">\n                            <a href=\"https:\/\/www.google.com\/search?client=safari&#038;rls=en&#038;q=psp+swiss+property&#038;ie=UTF-8&#038;oe=UTF-8\" target=\"_blank\" class=\"text-red_dark\">\n                                PSP Swiss Property AG                            <\/a>\n                        <\/p>\n                                                                                <p class=\"\">\n                            <a href=\"https:\/\/www.realstone.ch\/de\/10\/Homepage\" target=\"_blank\" class=\"text-red_dark\">\n                                Realstone AG                            <\/a>\n                        <\/p>\n                                                                                <p class=\"\">\n                            <a href=\"https:\/\/www.schindler.ch\/de.html\" target=\"_blank\" class=\"text-red_dark\">\n                                Schindler Aufz\u00fcge AG                            <\/a>\n                        <\/p>\n                                                                                <p class=\"\">\n                            <a href=\"https:\/\/www.sfp.ch\" target=\"_blank\" class=\"text-red_dark\">\n                                Swiss Finance &#038; Property Investment AG                            <\/a>\n                        <\/p>\n                                                                                <p class=\"\">\n                            <a href=\"https:\/\/sps.swiss\/de\/gruppe\/home\" target=\"_blank\" class=\"text-red_dark\">\n                                Swiss Prime Site Management AG                            <\/a>\n                        <\/p>\n                                                                                <p class=\"\">\n                            <a href=\"https:\/\/www.ubs.com\/global\/de.html\" target=\"_blank\" class=\"text-red_dark\">\n                                UBS Switzerland AG                            <\/a>\n                        <\/p>\n                                                                                <p class=\"\">\n                            <a href=\"https:\/\/www.graffenried-liegenschaften.ch\/de\/immobilienbewirtschaftung\" target=\"_blank\" class=\"text-red_dark\">\n                                Von Graffenried AG Liegenschaften                            <\/a>\n                        <\/p>\n                                                                                <p class=\"\">\n                            <a href=\"https:\/\/v-wdvs.ch\/fr\/\" target=\"_blank\" class=\"text-red_dark\">\n                                V-WDVS Verband W\u00e4rmed\u00e4mmverbundsysteme                            <\/a>\n                        <\/p>\n                                                                                <p class=\"\">\n                            <a href=\"https:\/\/www.vzug.com\/ch\/fr\/\" target=\"_blank\" class=\"text-red_dark\">\n                                V-ZUG SA                            <\/a>\n                        <\/p>\n                                                                                <p class=\"\">\n                            <a href=\"https:\/\/www.workcontrol.ch\/fr\/\" target=\"_blank\" class=\"text-red_dark\">\n                                WORKCONTROL Suisse AG                            <\/a>\n                        <\/p>\n                                                                                <p class=\"\">\n                            <a href=\"https:\/\/www.wuestpartner.com\/ch-de\/?utm_source=gads&#038;utm_medium=cpc&#038;utm_campaign=brand&#038;gad_source=1&#038;gclid=Cj0KCQjwqpSwBhClARIsADlZ_TlBqfLC5xWQJZ1BHr-QWuBCg_niw4q-YeRWB2t-c-LKyhDITE_M--caAq0KEALw_wcB\" target=\"_blank\" class=\"text-red_dark\">\n                                W\u00fcest Partner AG                            <\/a>\n                        <\/p>\n                                                <\/div>\n\n                    <\/div>\n    <\/section>\n\n\n\n\n\n\n            <section class=\"form-block  \">\n            <div class=\"\"><\/div>\n\n            <div class=\"block-inner-content-part\">\n                                    <h2 class=\"mb-0 text-center scrollMagic-block\" data-uid=\"69f4e8b03197c\">Devenir partenaire associ\u00e9<\/h2>\n                    <div class=\"title-divider\"><\/div>\n                \n                <div class=\"formidable-form-block  frm-button-submit-bg-color-red_dark scrollMagic-block\" data-uid=\"69f4e8b03197f\">\n                    <div class=\"frm_forms \" id=\"frm_form_5_container\" data-token=\"8528cfc6833b5d0a555cfbc065dd58fc\">\n<form enctype=\"multipart\/form-data\" method=\"post\" class=\"frm-show-form  frm_js_validate  frm_ajax_submit  frm_pro_form \" id=\"form_contact-form32\"  data-token=\"8528cfc6833b5d0a555cfbc065dd58fc\">\n<div class=\"frm_form_fields \">\n<fieldset>\n<legend class=\"frm_screen_reader\">Devenir partenaire associ\u00e9<\/legend>\r\n\r\n<div class=\"frm_fields_container\">\n<input type=\"hidden\" name=\"frm_action\" value=\"create\" \/>\n<input type=\"hidden\" name=\"form_id\" value=\"5\" \/>\n<input type=\"hidden\" name=\"frm_hide_fields_5\" id=\"frm_hide_fields_5\" value=\"\" \/>\n<input type=\"hidden\" name=\"form_key\" value=\"contact-form32\" \/>\n<input type=\"hidden\" name=\"item_meta[0]\" value=\"\" \/>\n<input type=\"hidden\" id=\"frm_submit_entry_5\" name=\"frm_submit_entry_5\" value=\"bec85ee763\" \/><input type=\"hidden\" name=\"_wp_http_referer\" value=\"\/fr\/wp-json\/wp\/v2\/pages\/1710\" \/><div id=\"frm_field_36_container\" class=\"frm_form_field form-field  frm_required_field frm_top_container frm12\">\r\n    <label for=\"field_3zx0w42\" id=\"field_3zx0w42_label\" class=\"frm_primary_label\">Entreprise\r\n        <span class=\"frm_required\" aria-hidden=\"true\">*<\/span>\r\n    <\/label>\r\n    <input type=\"text\" id=\"field_3zx0w42\" name=\"item_meta[36]\" value=\"\"  placeholder=\"Entreprise\" data-reqmsg=\"Entreprise cannot be blank.\" aria-required=\"true\" data-invmsg=\"Name is invalid\" aria-invalid=\"false\"  \/>\r\n    \r\n    \r\n<\/div>\n<div id=\"frm_field_33_container\" class=\"frm_form_field form-field  frm_required_field frm_top_container frm12\">\r\n    <label for=\"field_qtp2542\" id=\"field_qtp2542_label\" class=\"frm_primary_label\">Titre de civilit\u00e9 \r\n        <span class=\"frm_required\" aria-hidden=\"true\">*<\/span>\r\n    <\/label>\r\n    \t\t<select name=\"item_meta[33]\" id=\"field_qtp2542\"  data-placeholder=\"Titre de civilit\u00e9\"  placeholder=\"Titre de civilit\u00e9\" data-reqmsg=\"Dieses Feld darf nicht leer sein.\" aria-required=\"true\" data-invmsg=\"Titre de civilit\u00e9  est non valide\" aria-invalid=\"false\"  >\n\t\t<option  class=\"frm-select-placeholder\" value=\"\" data-placeholder=\"true\">Titre de civilit\u00e9<\/option><option  value=\"Monsieur\">Monsieur<\/option><option  value=\"Madame\">Madame<\/option>\t<\/select>\n\t\r\n    \r\n    \r\n<\/div>\n<div id=\"frm_field_34_container\" class=\"frm_form_field form-field  frm_required_field frm_top_container\">\r\n    <label for=\"field_tkfxx42\" id=\"field_tkfxx42_label\" class=\"frm_primary_label\">Nom personne de contact\r\n        <span class=\"frm_required\" aria-hidden=\"true\">*<\/span>\r\n    <\/label>\r\n    <input type=\"text\" id=\"field_tkfxx42\" name=\"item_meta[34]\" value=\"\" autocomplete=\"family-name\" placeholder=\"Nom personne de contact\" data-reqmsg=\"Nom personne de contact cannot be blank.\" aria-required=\"true\" data-invmsg=\"Name is invalid\" aria-invalid=\"false\"  \/>\r\n    \r\n    \r\n<\/div>\n<div id=\"frm_field_35_container\" class=\"frm_form_field form-field  frm_required_field frm_top_container frm12\">\r\n    <label for=\"field_1ss942\" id=\"field_1ss942_label\" class=\"frm_primary_label\">Pr\u00e9nom personne de contact\r\n        <span class=\"frm_required\" aria-hidden=\"true\">*<\/span>\r\n    <\/label>\r\n    <input type=\"text\" id=\"field_1ss942\" name=\"item_meta[35]\" value=\"\" autocomplete=\"given-name\" placeholder=\"Pr\u00e9nom personne de contact\" data-reqmsg=\"Pr\u00e9nom personne de contact cannot be blank.\" aria-required=\"true\" data-invmsg=\"Name is invalid\" aria-invalid=\"false\"  \/>\r\n    \r\n    \r\n<\/div>\n<div id=\"frm_field_37_container\" class=\"frm_form_field form-field  frm_required_field frm_top_container frm_full\">\r\n    <label for=\"field_29yf4d42\" id=\"field_29yf4d42_label\" class=\"frm_primary_label\">Courriel personne de contact\r\n        <span class=\"frm_required\" aria-hidden=\"true\">*<\/span>\r\n    <\/label>\r\n    <input type=\"email\" id=\"field_29yf4d42\" name=\"item_meta[37]\" value=\"\" autocomplete=\"email\" placeholder=\"Courriel personne de contact\" data-reqmsg=\"Ce champ ne doit pas \u00eatre vide.\" aria-required=\"true\" data-invmsg=\"Please enter a valid email address\" aria-invalid=\"false\"  \/>\r\n    \r\n    \r\n<\/div>\n<div id=\"frm_field_70_container\" class=\"frm_form_field form-field  frm_required_field frm_top_container frm12\">\r\n    <label for=\"field_85cuf\" id=\"field_85cuf_label\" class=\"frm_primary_label\">Rue\r\n        <span class=\"frm_required\" aria-hidden=\"true\">*<\/span>\r\n    <\/label>\r\n    <input type=\"text\" id=\"field_85cuf\" name=\"item_meta[70]\" value=\"\"  placeholder=\"Rue\" data-reqmsg=\"Rue cannot be blank.\" aria-required=\"true\" data-invmsg=\"Name is invalid\" aria-invalid=\"false\"  \/>\r\n    \r\n    \r\n<\/div>\n<div id=\"frm_field_71_container\" class=\"frm_form_field form-field  frm_required_field frm_top_container frm12\">\r\n    <label for=\"field_ydr27\" id=\"field_ydr27_label\" class=\"frm_primary_label\">NPA\/lieu\r\n        <span class=\"frm_required\" aria-hidden=\"true\">*<\/span>\r\n    <\/label>\r\n    <input type=\"text\" id=\"field_ydr27\" name=\"item_meta[71]\" value=\"\"  placeholder=\"NPA\/lieu\" data-reqmsg=\"NPA\/lieu cannot be blank.\" aria-required=\"true\" data-invmsg=\"Name is invalid\" aria-invalid=\"false\"  \/>\r\n    \r\n    \r\n<\/div>\n<div id=\"frm_field_38_container\" class=\"frm_form_field form-field  frm_top_container vertical_radio\">\r\n    <div  id=\"field_hwxzn42_label\" class=\"frm_primary_label\">D\u00e9clarations de consentement\r\n        <span class=\"frm_required\" aria-hidden=\"true\"><\/span>\r\n    <\/div>\r\n    <div class=\"frm_opt_container\" aria-labelledby=\"field_hwxzn42_label\" role=\"group\">\t\t<div class=\"frm_checkbox\" id=\"frm_checkbox_38-0\"><label for=\"field_hwxzn42-0\"><input type=\"checkbox\" name=\"item_meta[38][]\" id=\"field_hwxzn42-0\" value=\"J\u2019accepte que le partenaire associ\u00e9 (avec lien) soit publi\u00e9 sur la page d\u2019accueil de D\u00e9veloppement Suisse.\"  data-invmsg=\"D\u00e9clarations de consentement est non valide\" aria-invalid=\"false\"   \/> J\u2019accepte que le partenaire associ\u00e9 (avec lien) soit publi\u00e9 sur la page d\u2019accueil de D\u00e9veloppement Suisse.<\/label><\/div>\n\t\t<div class=\"frm_checkbox\" id=\"frm_checkbox_38-1\"><label for=\"field_hwxzn42-1\"><input type=\"checkbox\" name=\"item_meta[38][]\" id=\"field_hwxzn42-1\" value=\"J\u2019accepte que D\u00e9veloppement Suisse me fasse parvenir par courriel la revue de presse hebdomadaire, la r\u00e9trospective des sessions ainsi que la newsletter.\"  data-invmsg=\"D\u00e9clarations de consentement est non valide\" aria-invalid=\"false\"   \/> J\u2019accepte que D\u00e9veloppement Suisse me fasse parvenir par courriel la revue de presse hebdomadaire, la r\u00e9trospective des sessions ainsi que la newsletter.<\/label><\/div>\n<\/div>\r\n    \r\n    \r\n<\/div>\n<div id=\"frm_field_72_container\" class=\"frm_form_field form-field  frm_required_field frm_top_container vertical_radio\">\r\n    <div  id=\"field_9nt8c_label\" class=\"frm_primary_label\">Datenschutzbestimmung\r\n        <span class=\"frm_required\" aria-hidden=\"true\">*<\/span>\r\n    <\/div>\r\n    <div class=\"frm_opt_container\" aria-labelledby=\"field_9nt8c_label\" role=\"group\">\t\t<div class=\"frm_checkbox\" id=\"frm_checkbox_72-0\"><label for=\"field_9nt8c-0\"><input type=\"checkbox\" name=\"item_meta[72][]\" id=\"field_9nt8c-0\" value=\"Par la pr\u00e9sente, j&#039;accepte la &lt;a href=&quot;https:\/\/entwicklung-schweiz.ch\/fr\/declaration-de-protection-des-donnees\/&quot; target=&quot;_blank&quot;&gt; disposition sur la protection des donn\u00e9es&lt;\/a&gt;.\"  data-reqmsg=\"Dieses Feld darf nicht leer sein.\" data-invmsg=\"Datenschutzbestimmung est non valide\" aria-invalid=\"false\"   aria-required=\"true\"  \/> Par la pr\u00e9sente, j&rsquo;accepte la <a href=\"https:\/\/entwicklung-schweiz.ch\/fr\/declaration-de-protection-des-donnees\/\" target=\"_blank\"> disposition sur la protection des donn\u00e9es<\/a>.<\/label><\/div>\n<\/div>\r\n    \r\n    \r\n<\/div>\n<div id=\"frm_field_63_container\" class=\"frm_form_field form-field  frm_none_container\">\r\n\t<label for=\"g-recaptcha-response\" id=\"field_qg4jn_label\" class=\"frm_primary_label\">Captcha\r\n\t\t<span class=\"frm_required\" aria-hidden=\"true\"><\/span>\r\n\t<\/label>\r\n\t<div  id=\"field_qg4jn\" class=\"frm-g-recaptcha\" data-sitekey=\"6LdocOopAAAAAMb3Dx5RCFIPjN_HTeNtwzvoDVB7\" data-size=\"invisible\" data-theme=\"light\"><\/div>\r\n\t\r\n\t\r\n<\/div>\n<div id=\"frm_field_39_container\" class=\"frm_form_field form-field \">\r\n\t<div class=\"frm_submit\">\r\n\r\n<button class=\"frm_button_submit frm_final_submit\" type=\"submit\"   formnovalidate=\"formnovalidate\">S&#039;inscrire<\/button>\r\n\r\n\r\n<\/div>\r\n<\/div>\n\t<input type=\"hidden\" name=\"item_key\" value=\"\" \/>\n\t\t\t\t<div class=\"frm__65d3681073c13\">\n\t\t\t\t<label for=\"frm_email_5\" >\n\t\t\t\t\tSi vous \u00eates un humain, ne remplissez pas ce champ.\t\t\t\t<\/label>\n\t\t\t\t<input  id=\"frm_email_5\" type=\"text\" class=\"frm_verify\" name=\"frm__65d3681073c13\" value=\"\" autocomplete=\"false\"  \/>\n\t\t\t<\/div>\n\t\t<input name=\"frm_state\" type=\"hidden\" value=\"dM6WO8tFGVQwx+\/J2QVteBmk73QPC39A1WNqABqmCJY=\" \/><\/div>\n<\/fieldset>\n<\/div>\n<\/form>\n<\/div>\n                <\/div>\n            <\/div>\n        <\/section>\n    \n\n\n","protected":false},"excerpt":{"rendered":"<p>D\u00e9veloppement Suisse est convaincu qu&rsquo;une collaboration avec des partenaires associ\u00e9s permettra d&rsquo;augmenter l&rsquo;impact des travaux et d&rsquo;en tirer une plus-value encore plus grande pour tous. En raison de l&rsquo;\u00e9volution de la soci\u00e9t\u00e9, de l&rsquo;environnement et des technologies, et donc aussi des conditions-cadres r\u00e9glementaires, le secteur de la construction a besoin d&rsquo;un d\u00e9veloppement permanent. Dans ce [&hellip;]<\/p>\n","protected":false},"author":7,"featured_media":242,"parent":1662,"menu_order":3,"comment_status":"closed","ping_status":"closed","template":"","meta":{"_acf_changed":false,"inline_featured_image":false,"_themeisle_gutenberg_block_has_review":false,"footnotes":""},"acf":[],"yoast_head":"<!-- This site is optimized with the Yoast SEO Premium plugin v22.7 (Yoast SEO v22.7) - https:\/\/yoast.com\/wordpress\/plugins\/seo\/ -->\n<title>Partenaires associ\u00e9s - Entwicklung Schweiz<\/title>\n<meta name=\"robots\" content=\"index, follow, max-snippet:-1, max-image-preview:large, max-video-preview:-1\" \/>\n<link rel=\"canonical\" href=\"https:\/\/entwicklung-schweiz.ch\/fr\/membres\/partenaires-associes\/\" \/>\n<meta property=\"og:locale\" content=\"fr_FR\" \/>\n<meta property=\"og:type\" content=\"article\" \/>\n<meta property=\"og:title\" content=\"Partenaires associ\u00e9s\" \/>\n<meta property=\"og:description\" content=\"D\u00e9veloppement Suisse est convaincu qu&rsquo;une collaboration avec des partenaires associ\u00e9s permettra d&rsquo;augmenter l&rsquo;impact des travaux et d&rsquo;en tirer une plus-value encore plus grande pour tous. En raison de l&rsquo;\u00e9volution de la soci\u00e9t\u00e9, de l&rsquo;environnement et des technologies, et donc aussi des conditions-cadres r\u00e9glementaires, le secteur de la construction a besoin d&rsquo;un d\u00e9veloppement permanent. Dans ce [&hellip;]\" \/>\n<meta property=\"og:url\" content=\"https:\/\/entwicklung-schweiz.ch\/fr\/membres\/partenaires-associes\/\" \/>\n<meta property=\"og:site_name\" content=\"Entwicklung Schweiz\" \/>\n<meta property=\"article:modified_time\" content=\"2026-03-27T15:32:13+00:00\" \/>\n<meta property=\"og:image\" content=\"https:\/\/entwicklung-schweiz.ch\/wp-content\/uploads\/2024\/02\/0e63fbcf1081f46e9fc9cae18857aad8.jpeg\" \/>\n\t<meta property=\"og:image:width\" content=\"1880\" \/>\n\t<meta property=\"og:image:height\" content=\"1253\" \/>\n\t<meta property=\"og:image:type\" content=\"image\/jpeg\" \/>\n<meta name=\"twitter:card\" content=\"summary_large_image\" \/>\n<meta name=\"twitter:label1\" content=\"Dur\u00e9e de lecture estim\u00e9e\" \/>\n\t<meta name=\"twitter:data1\" content=\"3 minutes\" \/>\n<script type=\"application\/ld+json\" class=\"yoast-schema-graph\">{\"@context\":\"https:\/\/schema.org\",\"@graph\":[{\"@type\":\"WebPage\",\"@id\":\"https:\/\/entwicklung-schweiz.ch\/fr\/membres\/partenaires-associes\/\",\"url\":\"https:\/\/entwicklung-schweiz.ch\/fr\/membres\/partenaires-associes\/\",\"name\":\"Partenaires associ\u00e9s - Entwicklung Schweiz\",\"isPartOf\":{\"@id\":\"https:\/\/entwicklung-schweiz.ch\/#website\"},\"primaryImageOfPage\":{\"@id\":\"https:\/\/entwicklung-schweiz.ch\/fr\/membres\/partenaires-associes\/#primaryimage\"},\"image\":{\"@id\":\"https:\/\/entwicklung-schweiz.ch\/fr\/membres\/partenaires-associes\/#primaryimage\"},\"thumbnailUrl\":\"https:\/\/entwicklung-schweiz.ch\/wp-content\/uploads\/2024\/02\/0e63fbcf1081f46e9fc9cae18857aad8.jpeg\",\"datePublished\":\"2024-02-21T07:38:16+00:00\",\"dateModified\":\"2026-03-27T15:32:13+00:00\",\"breadcrumb\":{\"@id\":\"https:\/\/entwicklung-schweiz.ch\/fr\/membres\/partenaires-associes\/#breadcrumb\"},\"inLanguage\":\"fr-FR\",\"potentialAction\":[{\"@type\":\"ReadAction\",\"target\":[\"https:\/\/entwicklung-schweiz.ch\/fr\/membres\/partenaires-associes\/\"]}]},{\"@type\":\"ImageObject\",\"inLanguage\":\"fr-FR\",\"@id\":\"https:\/\/entwicklung-schweiz.ch\/fr\/membres\/partenaires-associes\/#primaryimage\",\"url\":\"https:\/\/entwicklung-schweiz.ch\/wp-content\/uploads\/2024\/02\/0e63fbcf1081f46e9fc9cae18857aad8.jpeg\",\"contentUrl\":\"https:\/\/entwicklung-schweiz.ch\/wp-content\/uploads\/2024\/02\/0e63fbcf1081f46e9fc9cae18857aad8.jpeg\",\"width\":1880,\"height\":1253},{\"@type\":\"BreadcrumbList\",\"@id\":\"https:\/\/entwicklung-schweiz.ch\/fr\/membres\/partenaires-associes\/#breadcrumb\",\"itemListElement\":[{\"@type\":\"ListItem\",\"position\":1,\"name\":\"Home\",\"item\":\"https:\/\/entwicklung-schweiz.ch\/fr\/\"},{\"@type\":\"ListItem\",\"position\":2,\"name\":\"Membres\",\"item\":\"https:\/\/entwicklung-schweiz.ch\/fr\/membres\/\"},{\"@type\":\"ListItem\",\"position\":3,\"name\":\"Partenaires associ\u00e9s\"}]},{\"@type\":\"WebSite\",\"@id\":\"https:\/\/entwicklung-schweiz.ch\/#website\",\"url\":\"https:\/\/entwicklung-schweiz.ch\/\",\"name\":\"Entwicklung Schweiz\",\"description\":\"\",\"publisher\":{\"@id\":\"https:\/\/entwicklung-schweiz.ch\/#organization\"},\"potentialAction\":[{\"@type\":\"SearchAction\",\"target\":{\"@type\":\"EntryPoint\",\"urlTemplate\":\"https:\/\/entwicklung-schweiz.ch\/?s={search_term_string}\"},\"query-input\":\"required name=search_term_string\"}],\"inLanguage\":\"fr-FR\"},{\"@type\":\"Organization\",\"@id\":\"https:\/\/entwicklung-schweiz.ch\/#organization\",\"name\":\"Entwicklung Schweiz\",\"url\":\"https:\/\/entwicklung-schweiz.ch\/\",\"logo\":{\"@type\":\"ImageObject\",\"inLanguage\":\"fr-FR\",\"@id\":\"https:\/\/entwicklung-schweiz.ch\/#\/schema\/logo\/image\/\",\"url\":\"https:\/\/entwicklung-schweiz.ch\/wp-content\/uploads\/2024\/02\/Logo_colors.svg\",\"contentUrl\":\"https:\/\/entwicklung-schweiz.ch\/wp-content\/uploads\/2024\/02\/Logo_colors.svg\",\"width\":243,\"height\":49,\"caption\":\"Entwicklung Schweiz\"},\"image\":{\"@id\":\"https:\/\/entwicklung-schweiz.ch\/#\/schema\/logo\/image\/\"}}]}<\/script>\n<!-- \/ Yoast SEO Premium plugin. -->","yoast_head_json":{"title":"Partenaires associ\u00e9s - Entwicklung Schweiz","robots":{"index":"index","follow":"follow","max-snippet":"max-snippet:-1","max-image-preview":"max-image-preview:large","max-video-preview":"max-video-preview:-1"},"canonical":"https:\/\/entwicklung-schweiz.ch\/fr\/membres\/partenaires-associes\/","og_locale":"fr_FR","og_type":"article","og_title":"Partenaires associ\u00e9s","og_description":"D\u00e9veloppement Suisse est convaincu qu&rsquo;une collaboration avec des partenaires associ\u00e9s permettra d&rsquo;augmenter l&rsquo;impact des travaux et d&rsquo;en tirer une plus-value encore plus grande pour tous. En raison de l&rsquo;\u00e9volution de la soci\u00e9t\u00e9, de l&rsquo;environnement et des technologies, et donc aussi des conditions-cadres r\u00e9glementaires, le secteur de la construction a besoin d&rsquo;un d\u00e9veloppement permanent. Dans ce [&hellip;]","og_url":"https:\/\/entwicklung-schweiz.ch\/fr\/membres\/partenaires-associes\/","og_site_name":"Entwicklung Schweiz","article_modified_time":"2026-03-27T15:32:13+00:00","og_image":[{"width":1880,"height":1253,"url":"https:\/\/entwicklung-schweiz.ch\/wp-content\/uploads\/2024\/02\/0e63fbcf1081f46e9fc9cae18857aad8.jpeg","type":"image\/jpeg"}],"twitter_card":"summary_large_image","twitter_misc":{"Dur\u00e9e de lecture estim\u00e9e":"3 minutes"},"schema":{"@context":"https:\/\/schema.org","@graph":[{"@type":"WebPage","@id":"https:\/\/entwicklung-schweiz.ch\/fr\/membres\/partenaires-associes\/","url":"https:\/\/entwicklung-schweiz.ch\/fr\/membres\/partenaires-associes\/","name":"Partenaires associ\u00e9s - Entwicklung Schweiz","isPartOf":{"@id":"https:\/\/entwicklung-schweiz.ch\/#website"},"primaryImageOfPage":{"@id":"https:\/\/entwicklung-schweiz.ch\/fr\/membres\/partenaires-associes\/#primaryimage"},"image":{"@id":"https:\/\/entwicklung-schweiz.ch\/fr\/membres\/partenaires-associes\/#primaryimage"},"thumbnailUrl":"https:\/\/entwicklung-schweiz.ch\/wp-content\/uploads\/2024\/02\/0e63fbcf1081f46e9fc9cae18857aad8.jpeg","datePublished":"2024-02-21T07:38:16+00:00","dateModified":"2026-03-27T15:32:13+00:00","breadcrumb":{"@id":"https:\/\/entwicklung-schweiz.ch\/fr\/membres\/partenaires-associes\/#breadcrumb"},"inLanguage":"fr-FR","potentialAction":[{"@type":"ReadAction","target":["https:\/\/entwicklung-schweiz.ch\/fr\/membres\/partenaires-associes\/"]}]},{"@type":"ImageObject","inLanguage":"fr-FR","@id":"https:\/\/entwicklung-schweiz.ch\/fr\/membres\/partenaires-associes\/#primaryimage","url":"https:\/\/entwicklung-schweiz.ch\/wp-content\/uploads\/2024\/02\/0e63fbcf1081f46e9fc9cae18857aad8.jpeg","contentUrl":"https:\/\/entwicklung-schweiz.ch\/wp-content\/uploads\/2024\/02\/0e63fbcf1081f46e9fc9cae18857aad8.jpeg","width":1880,"height":1253},{"@type":"BreadcrumbList","@id":"https:\/\/entwicklung-schweiz.ch\/fr\/membres\/partenaires-associes\/#breadcrumb","itemListElement":[{"@type":"ListItem","position":1,"name":"Home","item":"https:\/\/entwicklung-schweiz.ch\/fr\/"},{"@type":"ListItem","position":2,"name":"Membres","item":"https:\/\/entwicklung-schweiz.ch\/fr\/membres\/"},{"@type":"ListItem","position":3,"name":"Partenaires associ\u00e9s"}]},{"@type":"WebSite","@id":"https:\/\/entwicklung-schweiz.ch\/#website","url":"https:\/\/entwicklung-schweiz.ch\/","name":"Entwicklung Schweiz","description":"","publisher":{"@id":"https:\/\/entwicklung-schweiz.ch\/#organization"},"potentialAction":[{"@type":"SearchAction","target":{"@type":"EntryPoint","urlTemplate":"https:\/\/entwicklung-schweiz.ch\/?s={search_term_string}"},"query-input":"required name=search_term_string"}],"inLanguage":"fr-FR"},{"@type":"Organization","@id":"https:\/\/entwicklung-schweiz.ch\/#organization","name":"Entwicklung Schweiz","url":"https:\/\/entwicklung-schweiz.ch\/","logo":{"@type":"ImageObject","inLanguage":"fr-FR","@id":"https:\/\/entwicklung-schweiz.ch\/#\/schema\/logo\/image\/","url":"https:\/\/entwicklung-schweiz.ch\/wp-content\/uploads\/2024\/02\/Logo_colors.svg","contentUrl":"https:\/\/entwicklung-schweiz.ch\/wp-content\/uploads\/2024\/02\/Logo_colors.svg","width":243,"height":49,"caption":"Entwicklung Schweiz"},"image":{"@id":"https:\/\/entwicklung-schweiz.ch\/#\/schema\/logo\/image\/"}}]}},"_links":{"self":[{"href":"https:\/\/entwicklung-schweiz.ch\/fr\/wp-json\/wp\/v2\/pages\/1710"}],"collection":[{"href":"https:\/\/entwicklung-schweiz.ch\/fr\/wp-json\/wp\/v2\/pages"}],"about":[{"href":"https:\/\/entwicklung-schweiz.ch\/fr\/wp-json\/wp\/v2\/types\/page"}],"author":[{"embeddable":true,"href":"https:\/\/entwicklung-schweiz.ch\/fr\/wp-json\/wp\/v2\/users\/7"}],"replies":[{"embeddable":true,"href":"https:\/\/entwicklung-schweiz.ch\/fr\/wp-json\/wp\/v2\/comments?post=1710"}],"version-history":[{"count":18,"href":"https:\/\/entwicklung-schweiz.ch\/fr\/wp-json\/wp\/v2\/pages\/1710\/revisions"}],"predecessor-version":[{"id":3269,"href":"https:\/\/entwicklung-schweiz.ch\/fr\/wp-json\/wp\/v2\/pages\/1710\/revisions\/3269"}],"up":[{"embeddable":true,"href":"https:\/\/entwicklung-schweiz.ch\/fr\/wp-json\/wp\/v2\/pages\/1662"}],"wp:featuredmedia":[{"embeddable":true,"href":"https:\/\/entwicklung-schweiz.ch\/fr\/wp-json\/wp\/v2\/media\/242"}],"wp:attachment":[{"href":"https:\/\/entwicklung-schweiz.ch\/fr\/wp-json\/wp\/v2\/media?parent=1710"}],"curies":[{"name":"wp","href":"https:\/\/api.w.org\/{rel}","templated":true}]}}