{"id":2727,"date":"2025-06-03T14:30:41","date_gmt":"2025-06-03T12:30:41","guid":{"rendered":"https:\/\/entwicklung-schweiz.ch\/?post_type=projekt&#038;p=2727"},"modified":"2025-06-03T17:29:59","modified_gmt":"2025-06-03T15:29:59","slug":"immeuble-commercial-et-artisanal-reussperle-buchrain","status":"publish","type":"projekt","link":"https:\/\/entwicklung-schweiz.ch\/fr\/projekt\/immeuble-commercial-et-artisanal-reussperle-buchrain\/","title":{"rendered":"Immeuble commercial et artisanal Reussperle, Buchrain"},"content":{"rendered":"\n<p>Deux immeubles commerciaux contemporains, totalisant 6 600 m\u00b2 d\u2019espaces modulables, ont \u00e9t\u00e9 r\u00e9alis\u00e9s \u00e0 Buchrain. Les unit\u00e9s en propri\u00e9t\u00e9 par \u00e9tages offrent une grande flexibilit\u00e9 et peuvent \u00eatre configur\u00e9es individuellement selon les besoins sp\u00e9cifiques des utilisateurs.<\/p>\n\n\n\n            <section class=\"custom-image-block\">\n                            <img decoding=\"async\" src=\"https:\/\/entwicklung-schweiz.ch\/wp-content\/uploads\/2025\/05\/Gewerbehaus-Reussperle-02-1200x577.jpg\" class=\"custom-image-as-img  scrollMagic-block\" alt=\"Gewerbehaus Reussperle-02\" data-uid=\"69f5e2e4b21cc\" \/>\n            \n                            <p class=\"mb-0 very-small\">Cr\u00e9dit photo: Alfred M\u00fcller AG<\/p>\n                    <\/section>\n    \n\n\n\n\n    <section class=\"fact-card-projekt-block\">\n                    <div class=\"fact-card-projekt-image-block-mob scrollMagic-block\" data-uid=\"69f5e2e4b2a3a\">\n                <img decoding=\"async\" src=\"https:\/\/entwicklung-schweiz.ch\/wp-content\/uploads\/2024\/02\/be0d0969a869d58d4bcac24b1232667d.png\" alt=\"Alfred M\u00fcller AG\" \/>\n            <\/div>\n        \n        <div class=\"fact-card-projekt-content-block scrollMagic-block\" data-uid=\"69f5e2e4b2a3a\">\n            <div class=\"fact-card-projekt-content-block-inner-container bg-color-red_dark\">\n                <div class=\"fact-card-projekt-top-block\">\n                    <p class=\"mb-0 text-white\"><span>2<\/span> b\u00e2timents commerciaux<\/p><div class=\"title-divider\"><\/div><p class=\"mb-0 text-white\"><span>3<\/span> \u00e9tages (premier b\u00e2timent)<\/p><div class=\"title-divider\"><\/div><p class=\"mb-0 text-white\"><span>4<\/span> \u00e9tages (deuxi\u00e8me b\u00e2timent)<\/p><div class=\"title-divider\"><\/div><p class=\"mb-0 text-white\"><span>6&rsquo;600 m\u00b2<\/span> espace commercial et bureau<\/p><div class=\"title-divider\"><\/div>\n                                            <div class=\"fact-card-projekt-firma-block\"><p>Alfred M\u00fcller AG<\/p><\/div>\n                                    <\/div>\n\n                                    <div class=\"fact-card-projekt-button-block\">\n                        <a href=\"https:\/\/www.alfred-mueller.ch\" class=\"white-border-button white-border-button-hover-red_dark\" target=\"_blank\">En savoir plus<\/a>\n                    <\/div>\n                            <\/div>\n        <\/div>\n\n        <div class=\"fact-card-projekt-image-block scrollMagic-block delay-animation-1\" data-uid=\"69f5e2e4b2a3a\">\n            <div class=\"fact-card-projekt-image-block-inner-container\" style=\"background-image: url('https:\/\/entwicklung-schweiz.ch\/wp-content\/uploads\/2024\/02\/be0d0969a869d58d4bcac24b1232667d.png')\">\n                <img decoding=\"async\" src=\"https:\/\/entwicklung-schweiz.ch\/wp-content\/themes\/entwicklung_schweiz\/assets\/images\/page_card_image_frame.png\" alt=\"Frame\" width=\"1px\" height=\"1px\" \/>\n            <\/div>\n        <\/div>\n    <\/section>\n\n\n\n\n            <section class=\"custom-gallery-block\">\n            <div class=\"custom-gallery-content\">\n                                                                                                    <\/div>\n        <\/section>\n    \n\n\n","protected":false},"featured_media":2624,"template":"","acf":[],"yoast_head":"<!-- This site is optimized with the Yoast SEO Premium plugin v22.7 (Yoast SEO v22.7) - https:\/\/yoast.com\/wordpress\/plugins\/seo\/ -->\n<title>Immeuble commercial et artisanal Reussperle, Buchrain - Entwicklung Schweiz<\/title>\n<meta name=\"robots\" content=\"index, follow, max-snippet:-1, max-image-preview:large, max-video-preview:-1\" \/>\n<link rel=\"canonical\" href=\"https:\/\/entwicklung-schweiz.ch\/projekt\/geschaefts-und-gewerbehaus-reussperle-buchrain\/\" \/>\n<meta property=\"og:locale\" content=\"fr_FR\" \/>\n<meta property=\"og:type\" content=\"article\" \/>\n<meta property=\"og:title\" content=\"Immeuble commercial et artisanal Reussperle, Buchrain\" \/>\n<meta property=\"og:description\" content=\"Deux immeubles commerciaux contemporains, totalisant 6 600 m\u00b2 d\u2019espaces modulables, ont \u00e9t\u00e9 r\u00e9alis\u00e9s \u00e0 Buchrain. Les unit\u00e9s en propri\u00e9t\u00e9 par \u00e9tages offrent une grande flexibilit\u00e9 et peuvent \u00eatre configur\u00e9es individuellement selon les besoins sp\u00e9cifiques des utilisateurs.\" \/>\n<meta property=\"og:url\" content=\"https:\/\/entwicklung-schweiz.ch\/projekt\/geschaefts-und-gewerbehaus-reussperle-buchrain\/\" \/>\n<meta property=\"og:site_name\" content=\"Entwicklung Schweiz\" \/>\n<meta property=\"article:modified_time\" content=\"2025-06-03T15:29:59+00:00\" \/>\n<meta property=\"og:image\" content=\"https:\/\/entwicklung-schweiz.ch\/wp-content\/uploads\/2025\/05\/Gewerbehaus-Reussperle-02.jpg\" \/>\n\t<meta property=\"og:image:width\" content=\"2200\" \/>\n\t<meta property=\"og:image:height\" content=\"1058\" \/>\n\t<meta property=\"og:image:type\" content=\"image\/jpeg\" \/>\n<meta name=\"twitter:card\" content=\"summary_large_image\" \/>\n<meta name=\"twitter:label1\" content=\"Dur\u00e9e de lecture estim\u00e9e\" \/>\n\t<meta name=\"twitter:data1\" content=\"1 minute\" \/>\n<script type=\"application\/ld+json\" class=\"yoast-schema-graph\">{\"@context\":\"https:\/\/schema.org\",\"@graph\":[{\"@type\":\"WebPage\",\"@id\":\"https:\/\/entwicklung-schweiz.ch\/projekt\/geschaefts-und-gewerbehaus-reussperle-buchrain\/\",\"url\":\"https:\/\/entwicklung-schweiz.ch\/projekt\/geschaefts-und-gewerbehaus-reussperle-buchrain\/\",\"name\":\"Immeuble commercial et artisanal Reussperle, Buchrain - Entwicklung Schweiz\",\"isPartOf\":{\"@id\":\"https:\/\/entwicklung-schweiz.ch\/#website\"},\"primaryImageOfPage\":{\"@id\":\"https:\/\/entwicklung-schweiz.ch\/projekt\/geschaefts-und-gewerbehaus-reussperle-buchrain\/#primaryimage\"},\"image\":{\"@id\":\"https:\/\/entwicklung-schweiz.ch\/projekt\/geschaefts-und-gewerbehaus-reussperle-buchrain\/#primaryimage\"},\"thumbnailUrl\":\"https:\/\/entwicklung-schweiz.ch\/wp-content\/uploads\/2025\/05\/Gewerbehaus-Reussperle-02.jpg\",\"datePublished\":\"2025-06-03T12:30:41+00:00\",\"dateModified\":\"2025-06-03T15:29:59+00:00\",\"breadcrumb\":{\"@id\":\"https:\/\/entwicklung-schweiz.ch\/projekt\/geschaefts-und-gewerbehaus-reussperle-buchrain\/#breadcrumb\"},\"inLanguage\":\"fr-FR\",\"potentialAction\":[{\"@type\":\"ReadAction\",\"target\":[\"https:\/\/entwicklung-schweiz.ch\/projekt\/geschaefts-und-gewerbehaus-reussperle-buchrain\/\"]}]},{\"@type\":\"ImageObject\",\"inLanguage\":\"fr-FR\",\"@id\":\"https:\/\/entwicklung-schweiz.ch\/projekt\/geschaefts-und-gewerbehaus-reussperle-buchrain\/#primaryimage\",\"url\":\"https:\/\/entwicklung-schweiz.ch\/wp-content\/uploads\/2025\/05\/Gewerbehaus-Reussperle-02.jpg\",\"contentUrl\":\"https:\/\/entwicklung-schweiz.ch\/wp-content\/uploads\/2025\/05\/Gewerbehaus-Reussperle-02.jpg\",\"width\":2200,\"height\":1058},{\"@type\":\"BreadcrumbList\",\"@id\":\"https:\/\/entwicklung-schweiz.ch\/projekt\/geschaefts-und-gewerbehaus-reussperle-buchrain\/#breadcrumb\",\"itemListElement\":[{\"@type\":\"ListItem\",\"position\":1,\"name\":\"Home\",\"item\":\"https:\/\/entwicklung-schweiz.ch\/fr\/\"},{\"@type\":\"ListItem\",\"position\":2,\"name\":\"Projekte\",\"item\":\"https:\/\/entwicklung-schweiz.ch\/projekt\/\"},{\"@type\":\"ListItem\",\"position\":3,\"name\":\"Immeuble commercial et artisanal Reussperle, Buchrain\"}]},{\"@type\":\"WebSite\",\"@id\":\"https:\/\/entwicklung-schweiz.ch\/#website\",\"url\":\"https:\/\/entwicklung-schweiz.ch\/\",\"name\":\"Entwicklung Schweiz\",\"description\":\"\",\"publisher\":{\"@id\":\"https:\/\/entwicklung-schweiz.ch\/#organization\"},\"potentialAction\":[{\"@type\":\"SearchAction\",\"target\":{\"@type\":\"EntryPoint\",\"urlTemplate\":\"https:\/\/entwicklung-schweiz.ch\/?s={search_term_string}\"},\"query-input\":\"required name=search_term_string\"}],\"inLanguage\":\"fr-FR\"},{\"@type\":\"Organization\",\"@id\":\"https:\/\/entwicklung-schweiz.ch\/#organization\",\"name\":\"Entwicklung Schweiz\",\"url\":\"https:\/\/entwicklung-schweiz.ch\/\",\"logo\":{\"@type\":\"ImageObject\",\"inLanguage\":\"fr-FR\",\"@id\":\"https:\/\/entwicklung-schweiz.ch\/#\/schema\/logo\/image\/\",\"url\":\"https:\/\/entwicklung-schweiz.ch\/wp-content\/uploads\/2024\/02\/Logo_colors.svg\",\"contentUrl\":\"https:\/\/entwicklung-schweiz.ch\/wp-content\/uploads\/2024\/02\/Logo_colors.svg\",\"width\":243,\"height\":49,\"caption\":\"Entwicklung Schweiz\"},\"image\":{\"@id\":\"https:\/\/entwicklung-schweiz.ch\/#\/schema\/logo\/image\/\"}}]}<\/script>\n<!-- \/ Yoast SEO Premium plugin. -->","yoast_head_json":{"title":"Immeuble commercial et artisanal Reussperle, Buchrain - Entwicklung Schweiz","robots":{"index":"index","follow":"follow","max-snippet":"max-snippet:-1","max-image-preview":"max-image-preview:large","max-video-preview":"max-video-preview:-1"},"canonical":"https:\/\/entwicklung-schweiz.ch\/projekt\/geschaefts-und-gewerbehaus-reussperle-buchrain\/","og_locale":"fr_FR","og_type":"article","og_title":"Immeuble commercial et artisanal Reussperle, Buchrain","og_description":"Deux immeubles commerciaux contemporains, totalisant 6 600 m\u00b2 d\u2019espaces modulables, ont \u00e9t\u00e9 r\u00e9alis\u00e9s \u00e0 Buchrain. Les unit\u00e9s en propri\u00e9t\u00e9 par \u00e9tages offrent une grande flexibilit\u00e9 et peuvent \u00eatre configur\u00e9es individuellement selon les besoins sp\u00e9cifiques des utilisateurs.","og_url":"https:\/\/entwicklung-schweiz.ch\/projekt\/geschaefts-und-gewerbehaus-reussperle-buchrain\/","og_site_name":"Entwicklung Schweiz","article_modified_time":"2025-06-03T15:29:59+00:00","og_image":[{"width":2200,"height":1058,"url":"https:\/\/entwicklung-schweiz.ch\/wp-content\/uploads\/2025\/05\/Gewerbehaus-Reussperle-02.jpg","type":"image\/jpeg"}],"twitter_card":"summary_large_image","twitter_misc":{"Dur\u00e9e de lecture estim\u00e9e":"1 minute"},"schema":{"@context":"https:\/\/schema.org","@graph":[{"@type":"WebPage","@id":"https:\/\/entwicklung-schweiz.ch\/projekt\/geschaefts-und-gewerbehaus-reussperle-buchrain\/","url":"https:\/\/entwicklung-schweiz.ch\/projekt\/geschaefts-und-gewerbehaus-reussperle-buchrain\/","name":"Immeuble commercial et artisanal Reussperle, Buchrain - Entwicklung Schweiz","isPartOf":{"@id":"https:\/\/entwicklung-schweiz.ch\/#website"},"primaryImageOfPage":{"@id":"https:\/\/entwicklung-schweiz.ch\/projekt\/geschaefts-und-gewerbehaus-reussperle-buchrain\/#primaryimage"},"image":{"@id":"https:\/\/entwicklung-schweiz.ch\/projekt\/geschaefts-und-gewerbehaus-reussperle-buchrain\/#primaryimage"},"thumbnailUrl":"https:\/\/entwicklung-schweiz.ch\/wp-content\/uploads\/2025\/05\/Gewerbehaus-Reussperle-02.jpg","datePublished":"2025-06-03T12:30:41+00:00","dateModified":"2025-06-03T15:29:59+00:00","breadcrumb":{"@id":"https:\/\/entwicklung-schweiz.ch\/projekt\/geschaefts-und-gewerbehaus-reussperle-buchrain\/#breadcrumb"},"inLanguage":"fr-FR","potentialAction":[{"@type":"ReadAction","target":["https:\/\/entwicklung-schweiz.ch\/projekt\/geschaefts-und-gewerbehaus-reussperle-buchrain\/"]}]},{"@type":"ImageObject","inLanguage":"fr-FR","@id":"https:\/\/entwicklung-schweiz.ch\/projekt\/geschaefts-und-gewerbehaus-reussperle-buchrain\/#primaryimage","url":"https:\/\/entwicklung-schweiz.ch\/wp-content\/uploads\/2025\/05\/Gewerbehaus-Reussperle-02.jpg","contentUrl":"https:\/\/entwicklung-schweiz.ch\/wp-content\/uploads\/2025\/05\/Gewerbehaus-Reussperle-02.jpg","width":2200,"height":1058},{"@type":"BreadcrumbList","@id":"https:\/\/entwicklung-schweiz.ch\/projekt\/geschaefts-und-gewerbehaus-reussperle-buchrain\/#breadcrumb","itemListElement":[{"@type":"ListItem","position":1,"name":"Home","item":"https:\/\/entwicklung-schweiz.ch\/fr\/"},{"@type":"ListItem","position":2,"name":"Projekte","item":"https:\/\/entwicklung-schweiz.ch\/projekt\/"},{"@type":"ListItem","position":3,"name":"Immeuble commercial et artisanal Reussperle, Buchrain"}]},{"@type":"WebSite","@id":"https:\/\/entwicklung-schweiz.ch\/#website","url":"https:\/\/entwicklung-schweiz.ch\/","name":"Entwicklung Schweiz","description":"","publisher":{"@id":"https:\/\/entwicklung-schweiz.ch\/#organization"},"potentialAction":[{"@type":"SearchAction","target":{"@type":"EntryPoint","urlTemplate":"https:\/\/entwicklung-schweiz.ch\/?s={search_term_string}"},"query-input":"required name=search_term_string"}],"inLanguage":"fr-FR"},{"@type":"Organization","@id":"https:\/\/entwicklung-schweiz.ch\/#organization","name":"Entwicklung Schweiz","url":"https:\/\/entwicklung-schweiz.ch\/","logo":{"@type":"ImageObject","inLanguage":"fr-FR","@id":"https:\/\/entwicklung-schweiz.ch\/#\/schema\/logo\/image\/","url":"https:\/\/entwicklung-schweiz.ch\/wp-content\/uploads\/2024\/02\/Logo_colors.svg","contentUrl":"https:\/\/entwicklung-schweiz.ch\/wp-content\/uploads\/2024\/02\/Logo_colors.svg","width":243,"height":49,"caption":"Entwicklung Schweiz"},"image":{"@id":"https:\/\/entwicklung-schweiz.ch\/#\/schema\/logo\/image\/"}}]}},"_links":{"self":[{"href":"https:\/\/entwicklung-schweiz.ch\/fr\/wp-json\/wp\/v2\/projekt\/2727"}],"collection":[{"href":"https:\/\/entwicklung-schweiz.ch\/fr\/wp-json\/wp\/v2\/projekt"}],"about":[{"href":"https:\/\/entwicklung-schweiz.ch\/fr\/wp-json\/wp\/v2\/types\/projekt"}],"version-history":[{"count":1,"href":"https:\/\/entwicklung-schweiz.ch\/fr\/wp-json\/wp\/v2\/projekt\/2727\/revisions"}],"predecessor-version":[{"id":2890,"href":"https:\/\/entwicklung-schweiz.ch\/fr\/wp-json\/wp\/v2\/projekt\/2727\/revisions\/2890"}],"wp:featuredmedia":[{"embeddable":true,"href":"https:\/\/entwicklung-schweiz.ch\/fr\/wp-json\/wp\/v2\/media\/2624"}],"wp:attachment":[{"href":"https:\/\/entwicklung-schweiz.ch\/fr\/wp-json\/wp\/v2\/media?parent=2727"}],"curies":[{"name":"wp","href":"https:\/\/api.w.org\/{rel}","templated":true}]}}